{"id":11,"date":"2024-08-05T19:38:53","date_gmt":"2024-08-05T17:38:53","guid":{"rendered":"https:\/\/www.terzotempoforli.it\/?page_id=11"},"modified":"2025-09-26T09:51:33","modified_gmt":"2025-09-26T07:51:33","slug":"terzo-tempo-bistrot","status":"publish","type":"page","link":"https:\/\/www.terzotempoforli.it\/","title":{"rendered":"Terzo Tempo Bistrot"},"content":{"rendered":"\t\t<div data-elementor-type=\"wp-page\" data-elementor-id=\"11\" class=\"elementor elementor-11\">\n\t\t\t\t<div class=\"elementor-element elementor-element-84cf940 e-con-full e-flex e-con e-parent\" data-id=\"84cf940\" data-element_type=\"container\">\n\t\t\t\t<div class=\"elementor-element elementor-element-5b7c165 elementor-widget elementor-widget-xpro-hero-slider\" data-id=\"5b7c165\" data-element_type=\"widget\" data-widget_type=\"xpro-hero-slider.default\">\n\t\t\t\t<div class=\"elementor-widget-container\">\n\t\t\t\t\t<div class=\"xpro-hero-slider-wrapper xpro-swiper-slider-theme xpro-swiper-navigation-horizontal-style-1 xpro-swiper-dots-horizontal-style-1\">\n<div id=\"xpro-hero-slider-5b7c165\" class=\"swiper xpro-hero-slider\" data-xpro-hero-slider-setting=\"{&quot;slide_effect&quot;:&quot;fade&quot;,&quot;slide_speed&quot;:3,&quot;mouse_drag&quot;:true,&quot;autoplay&quot;:true,&quot;autoplay_timeout&quot;:8}\">\n\t<div class=\"swiper-wrapper\">\n\t\t\t\t\t<!-- Slides -->\n\t\t\t<div class=\"elementor-repeater-item-ae17ba0 swiper-slide\">\n\t\t\t\t<!--Slide BG-->\n\t\t\t\t<div  class=\"xpro-hero-slider-slide-bg\"><\/div>\n\t\t\t\t<!--Slide Content-->\n\t\t\t\t<div class=\"xpro-hero-slider-slide-content-wrapper\">\n\t\t\t\t\t<div class=\"xpro-hero-slider-slide-content-area\">\n\t\t\t\t\t\t<div class=\"xpro-hero-slider-subtitle-wrapper\"><h4 class=\"xpro-hero-slider-subtitle\" data-animation=\"none\">Terzo Tempo. Terzo Luogo.<\/h4><\/div>\t\t\t\t\t\t<div class=\"xpro-hero-slider-title-wrapper\"><h2 class=\"xpro-hero-slider-title\" data-animation=\"none\">Uno spazio che d\u00e0 spazio<\/h2><\/div>\t\t\t\t\t\t\t\t\t\t\t\t\n\t\t\t\t\t\t\n\t\t\t\t\t<\/div>\n\t\t\t\t<\/div>\n\t\t\t<\/div>\n\t\t\t\t\t\t<!-- Slides -->\n\t\t\t<div class=\"elementor-repeater-item-890131e swiper-slide\">\n\t\t\t\t<!--Slide BG-->\n\t\t\t\t<div  class=\"xpro-hero-slider-slide-bg\"><\/div>\n\t\t\t\t<!--Slide Content-->\n\t\t\t\t<div class=\"xpro-hero-slider-slide-content-wrapper\">\n\t\t\t\t\t<div class=\"xpro-hero-slider-slide-content-area\">\n\t\t\t\t\t\t<div class=\"xpro-hero-slider-subtitle-wrapper\"><h4 class=\"xpro-hero-slider-subtitle\" data-animation=\"none\">Terzo Tempo. Terzo Luogo.<\/h4><\/div>\t\t\t\t\t\t<div class=\"xpro-hero-slider-title-wrapper\"><h2 class=\"xpro-hero-slider-title\" data-animation=\"none\">Un ristorante normale, un posto speciale<\/h2><\/div>\t\t\t\t\t\t\t\t\t\t\t\t\n\t\t\t\t\t\t\n\t\t\t\t\t<\/div>\n\t\t\t\t<\/div>\n\t\t\t<\/div>\n\t\t\t\t\t\t<!-- Slides -->\n\t\t\t<div class=\"elementor-repeater-item-9405920 swiper-slide\">\n\t\t\t\t<!--Slide BG-->\n\t\t\t\t<div  class=\"xpro-hero-slider-slide-bg\"><\/div>\n\t\t\t\t<!--Slide Content-->\n\t\t\t\t<div class=\"xpro-hero-slider-slide-content-wrapper\">\n\t\t\t\t\t<div class=\"xpro-hero-slider-slide-content-area\">\n\t\t\t\t\t\t<div class=\"xpro-hero-slider-subtitle-wrapper\"><h4 class=\"xpro-hero-slider-subtitle\" data-animation=\"none\">Terzo Tempo. Terzo luogo<\/h4><\/div>\t\t\t\t\t\t<div class=\"xpro-hero-slider-title-wrapper\"><h2 class=\"xpro-hero-slider-title\" data-animation=\"none\">La comunit\u00e0 \u00e8 servita<\/h2><\/div>\t\t\t\t\t\t\t\t\t\t\t\t\n\t\t\t\t\t\t\n\t\t\t\t\t<\/div>\n\t\t\t\t<\/div>\n\t\t\t<\/div>\n\t\t\t\t<\/div>\n<\/div>\n\n<!-- Navigation Arrows -->\n<\/div>\n\t\t\t\t<\/div>\n\t\t\t\t<\/div>\n\t\t\t\t<\/div>\n\t\t<div class=\"elementor-element elementor-element-2e2fd6b e-flex e-con-boxed e-con e-parent\" data-id=\"2e2fd6b\" data-element_type=\"container\">\n\t\t\t\t\t<div class=\"e-con-inner\">\n\t\t\t\t<div class=\"elementor-element elementor-element-ee8e9da elementor-widget elementor-widget-menu-anchor\" data-id=\"ee8e9da\" data-element_type=\"widget\" data-widget_type=\"menu-anchor.default\">\n\t\t\t\t<div class=\"elementor-widget-container\">\n\t\t\t\t\t\t\t<div class=\"elementor-menu-anchor\" id=\"story\"><\/div>\n\t\t\t\t\t\t<\/div>\n\t\t\t\t<\/div>\n\t\t\t\t\t<\/div>\n\t\t\t\t<\/div>\n\t\t<div class=\"elementor-element elementor-element-720066a e-con-full e-flex e-con e-parent\" data-id=\"720066a\" data-element_type=\"container\" data-settings=\"{&quot;background_background&quot;:&quot;classic&quot;}\">\n\t\t<div class=\"elementor-element elementor-element-109aee4 e-flex e-con-boxed e-con e-child\" data-id=\"109aee4\" data-element_type=\"container\" data-settings=\"{&quot;background_background&quot;:&quot;classic&quot;}\">\n\t\t\t\t\t<div class=\"e-con-inner\">\n\t\t\t\t<div class=\"elementor-element elementor-element-48b74d0 elementor-widget__width-initial elementor-widget elementor-widget-image\" data-id=\"48b74d0\" data-element_type=\"widget\" data-widget_type=\"image.default\">\n\t\t\t\t<div class=\"elementor-widget-container\">\n\t\t\t\t\t\t\t\t\t\t\t\t\t\t\t<img fetchpriority=\"high\" decoding=\"async\" width=\"2656\" height=\"2854\" src=\"https:\/\/www.terzotempoforli.it\/wp-content\/uploads\/2024\/08\/Terzo-tempo-il-progetto.png\" class=\"attachment-full size-full wp-image-402\" alt=\"Terzo tempo il progetto\" srcset=\"https:\/\/www.terzotempoforli.it\/wp-content\/uploads\/2024\/08\/Terzo-tempo-il-progetto.png 2656w, https:\/\/www.terzotempoforli.it\/wp-content\/uploads\/2024\/08\/Terzo-tempo-il-progetto-279x300.png 279w, https:\/\/www.terzotempoforli.it\/wp-content\/uploads\/2024\/08\/Terzo-tempo-il-progetto-953x1024.png 953w, https:\/\/www.terzotempoforli.it\/wp-content\/uploads\/2024\/08\/Terzo-tempo-il-progetto-768x825.png 768w, https:\/\/www.terzotempoforli.it\/wp-content\/uploads\/2024\/08\/Terzo-tempo-il-progetto-1429x1536.png 1429w, https:\/\/www.terzotempoforli.it\/wp-content\/uploads\/2024\/08\/Terzo-tempo-il-progetto-1906x2048.png 1906w\" sizes=\"(max-width: 2656px) 100vw, 2656px\" title=\"Terzo tempo il progetto\" \/>\t\t\t\t\t\t\t\t\t\t\t\t\t\t\t<\/div>\n\t\t\t\t<\/div>\n\t\t\t\t\t<\/div>\n\t\t\t\t<\/div>\n\t\t<div class=\"elementor-element elementor-element-4af5c68 e-flex e-con-boxed e-con e-child\" data-id=\"4af5c68\" data-element_type=\"container\">\n\t\t\t\t\t<div class=\"e-con-inner\">\n\t\t<div class=\"elementor-element elementor-element-96d0c93 e-con-full e-flex e-con e-child\" data-id=\"96d0c93\" data-element_type=\"container\">\n\t\t\t\t<div class=\"elementor-element elementor-element-cf9e3fb elementor-widget elementor-widget-image\" data-id=\"cf9e3fb\" data-element_type=\"widget\" data-widget_type=\"image.default\">\n\t\t\t\t<div class=\"elementor-widget-container\">\n\t\t\t\t\t\t\t\t\t\t\t\t\t\t\t<img decoding=\"async\" width=\"2250\" height=\"2250\" src=\"https:\/\/www.terzotempoforli.it\/wp-content\/uploads\/2024\/08\/Terzo-tempo-logo.png\" class=\"attachment-full size-full wp-image-340\" alt=\"Terzo Tempo logo bianco\" srcset=\"https:\/\/www.terzotempoforli.it\/wp-content\/uploads\/2024\/08\/Terzo-tempo-logo.png 2250w, https:\/\/www.terzotempoforli.it\/wp-content\/uploads\/2024\/08\/Terzo-tempo-logo-300x300.png 300w, https:\/\/www.terzotempoforli.it\/wp-content\/uploads\/2024\/08\/Terzo-tempo-logo-1024x1024.png 1024w, https:\/\/www.terzotempoforli.it\/wp-content\/uploads\/2024\/08\/Terzo-tempo-logo-150x150.png 150w, https:\/\/www.terzotempoforli.it\/wp-content\/uploads\/2024\/08\/Terzo-tempo-logo-768x768.png 768w, https:\/\/www.terzotempoforli.it\/wp-content\/uploads\/2024\/08\/Terzo-tempo-logo-1536x1536.png 1536w, https:\/\/www.terzotempoforli.it\/wp-content\/uploads\/2024\/08\/Terzo-tempo-logo-2048x2048.png 2048w\" sizes=\"(max-width: 2250px) 100vw, 2250px\" title=\"Terzo tempo logo\" \/>\t\t\t\t\t\t\t\t\t\t\t\t\t\t\t<\/div>\n\t\t\t\t<\/div>\n\t\t<div class=\"elementor-element elementor-element-d05599a e-con-full e-flex e-con e-child\" data-id=\"d05599a\" data-element_type=\"container\">\n\t\t\t\t<div class=\"elementor-element elementor-element-ef91a96 elementor-widget elementor-widget-heading\" data-id=\"ef91a96\" data-element_type=\"widget\" data-widget_type=\"heading.default\">\n\t\t\t\t<div class=\"elementor-widget-container\">\n\t\t\t\t\t<h2 class=\"elementor-heading-title elementor-size-default\">IL PROGETTO<\/h2>\t\t\t\t<\/div>\n\t\t\t\t<\/div>\n\t\t\t\t<div class=\"elementor-element elementor-element-9a5542b elementor-widget elementor-widget-heading\" data-id=\"9a5542b\" data-element_type=\"widget\" data-widget_type=\"heading.default\">\n\t\t\t\t<div class=\"elementor-widget-container\">\n\t\t\t\t\t<h2 class=\"elementor-heading-title elementor-size-default\">Goditi l\u2019atmosfera di un mondo saporito e vitale dove, tra un piatto e l\u2019altro, ogni giorno, si incrociano storie, sapori ed esperienze.<\/h2>\t\t\t\t<\/div>\n\t\t\t\t<\/div>\n\t\t\t\t<div class=\"elementor-element elementor-element-2a02034 elementor-widget elementor-widget-text-editor\" data-id=\"2a02034\" data-element_type=\"widget\" data-widget_type=\"text-editor.default\">\n\t\t\t\t<div class=\"elementor-widget-container\">\n\t\t\t\t\t\t\t\t\t<p><span style=\"font-weight: 400;\">Il Terzo Tempo \u00e8 un terzo luogo. Un posto pubblico e sociale dove passi il tempo come pi\u00f9 ti piace gustando qualcosa di buono. \u00c8 un sito di costruzione della comunit\u00e0 e di interazione con gli altri.<\/span><\/p><p><span style=\"font-weight: 400;\">Nel nostro spazio il tempo \u00e8 quello dell\u2019incontro: ti siedi al tavolo della convivialit\u00e0 e scopri tutto il gusto di un progetto che offre opportunit\u00e0 anche a persone svantaggiate.<\/span><\/p>\t\t\t\t\t\t\t\t<\/div>\n\t\t\t\t<\/div>\n\t\t\t\t<\/div>\n\t\t\t\t<div class=\"elementor-element elementor-element-cff7676 elementor-widget__width-inherit elementor-widget elementor-widget-animated-headline-widget\" data-id=\"cff7676\" data-element_type=\"widget\" data-widget_type=\"animated-headline-widget.default\">\n\t\t\t\t<div class=\"elementor-widget-container\">\n\t\t\t\t\t            <section class=\"cd-intro\">\n                <h1 class=\"cd-headline zoom\">\n                    <span class=\"before_title\">Un luogo<\/span>\n                    <span class=\"cd-words-wrapper\">\n                                    <b class=\"animated_style is-hidden\">di connessione<\/b>\n                                    <b class=\"animated_style is-visible\">di comunit\u00e0<\/b>\n                                    <b class=\"animated_style is-hidden\">per mangiare<\/b>\n                                    <b class=\"animated_style is-hidden\">per fare aperitivo<\/b>\n                                    <b class=\"animated_style is-hidden\">per incontrarsi<\/b>\n                                    <b class=\"animated_style is-hidden\">per rilassarsi<\/b>\n                                    <b class=\"animated_style is-hidden\">per conoscere<\/b>\n                                    <b class=\"animated_style is-hidden\">per vivere<\/b>\n                                    <b class=\"animated_style is-hidden\">da vivere<\/b>\n                                    <b class=\"animated_style is-hidden\">tuo<\/b>\n                                    <b class=\"animated_style is-hidden\">nostro<\/b>\n                \t\t\t<\/span>\n                    <span class=\"after_title\"><\/span>\n                <\/h1>\n            <\/section>\n\t\t\t\t\t\t\t<\/div>\n\t\t\t\t<\/div>\n\t\t\t\t<\/div>\n\t\t\t\t\t<\/div>\n\t\t\t\t<\/div>\n\t\t\t\t<\/div>\n\t\t<div class=\"elementor-element elementor-element-5b6d211 e-con-full e-flex e-con e-parent\" data-id=\"5b6d211\" data-element_type=\"container\" data-settings=\"{&quot;background_background&quot;:&quot;classic&quot;,&quot;xpro_backdrop_filter&quot;:&quot;yes&quot;}\">\n\t\t\t\t<div class=\"elementor-element elementor-element-b67f332 elementor-widget elementor-widget-heading\" data-id=\"b67f332\" data-element_type=\"widget\" data-widget_type=\"heading.default\">\n\t\t\t\t<div class=\"elementor-widget-container\">\n\t\t\t\t\t<h3 class=\"elementor-heading-title elementor-size-default\">\u00b7 Bar \u00b7 Aperitivi \u00b7 Pizzeria \u00b7 Piccola ristorazione \u00b7 Asporto \u00b7 Eventi \u00b7 Buffet per compleanni e feste \u00b7<\/h3>\t\t\t\t<\/div>\n\t\t\t\t<\/div>\n\t\t\t\t<\/div>\n\t\t<div class=\"elementor-element elementor-element-b15725e e-flex e-con-boxed e-con e-parent\" data-id=\"b15725e\" data-element_type=\"container\">\n\t\t\t\t\t<div class=\"e-con-inner\">\n\t\t\t\t<div class=\"elementor-element elementor-element-0efda17 elementor-widget elementor-widget-menu-anchor\" data-id=\"0efda17\" data-element_type=\"widget\" data-widget_type=\"menu-anchor.default\">\n\t\t\t\t<div class=\"elementor-widget-container\">\n\t\t\t\t\t\t\t<div class=\"elementor-menu-anchor\" id=\"menu\"><\/div>\n\t\t\t\t\t\t<\/div>\n\t\t\t\t<\/div>\n\t\t\t\t\t<\/div>\n\t\t\t\t<\/div>\n\t\t<div class=\"elementor-element elementor-element-6357830 e-con-full e-flex e-con e-parent\" data-id=\"6357830\" data-element_type=\"container\" data-settings=\"{&quot;background_background&quot;:&quot;classic&quot;}\">\n\t\t<div class=\"elementor-element elementor-element-6fc9ee5 e-con-full e-flex e-con e-child\" data-id=\"6fc9ee5\" data-element_type=\"container\">\n\t\t\t\t<div class=\"elementor-element elementor-element-6ccb278 elementor-widget elementor-widget-heading\" data-id=\"6ccb278\" data-element_type=\"widget\" data-widget_type=\"heading.default\">\n\t\t\t\t<div class=\"elementor-widget-container\">\n\t\t\t\t\t<h2 class=\"elementor-heading-title elementor-size-default\">MEN\u00da<\/h2>\t\t\t\t<\/div>\n\t\t\t\t<\/div>\n\t\t\t\t<div class=\"elementor-element elementor-element-5e82231 elementor-widget elementor-widget-heading\" data-id=\"5e82231\" data-element_type=\"widget\" data-widget_type=\"heading.default\">\n\t\t\t\t<div class=\"elementor-widget-container\">\n\t\t\t\t\t<h2 class=\"elementor-heading-title elementor-size-default\">\u201cAbbiamo deciso di proporre una cosa nuova, decisamente diversa, quasi rivoluzionaria, di cui c\u2019\u00e8 molto bisogno in citt\u00e0: un ristorante normale\u201d.<\/h2>\t\t\t\t<\/div>\n\t\t\t\t<\/div>\n\t\t\t\t<div class=\"elementor-element elementor-element-e5fc3a0 elementor-widget elementor-widget-text-editor\" data-id=\"e5fc3a0\" data-element_type=\"widget\" data-widget_type=\"text-editor.default\">\n\t\t\t\t<div class=\"elementor-widget-container\">\n\t\t\t\t\t\t\t\t\t<p><span style=\"font-weight: 400;\">Il nostro men\u00f9 \u00e8 semplice cibo che ti accoglie: un\u2019ampia scelta di bevande e vivande che mettono in tavola sapori e valori.<\/span><\/p>\t\t\t\t\t\t\t\t<\/div>\n\t\t\t\t<\/div>\n\t\t\t\t<div class=\"elementor-element elementor-element-9a7589d elementor-align-left elementor-widget elementor-widget-elementskit-button\" data-id=\"9a7589d\" data-element_type=\"widget\" data-widget_type=\"elementskit-button.default\">\n\t\t\t\t<div class=\"elementor-widget-container\">\n\t\t\t\t\t<div class=\"ekit-wid-con\" >\t\t<div class=\"ekit-btn-wraper\">\n\t\t\t\t\t\t\t<a href=\"https:\/\/www.terzotempoforli.it\/wp-content\/uploads\/2024\/09\/menu-bar.pdf\" target=\"_blank\" class=\"elementskit-btn  whitespace--normal\" id=\"\">\n\t\t\t\t\tle nostre proposte bar\t\t\t\t<\/a>\n\t\t\t\t\t<\/div>\n        <\/div>\t\t\t\t<\/div>\n\t\t\t\t<\/div>\n\t\t\t\t<div class=\"elementor-element elementor-element-3ad3bad elementor-align-left elementor-widget elementor-widget-elementskit-button\" data-id=\"3ad3bad\" data-element_type=\"widget\" data-widget_type=\"elementskit-button.default\">\n\t\t\t\t<div class=\"elementor-widget-container\">\n\t\t\t\t\t<div class=\"ekit-wid-con\" >\t\t<div class=\"ekit-btn-wraper\">\n\t\t\t\t\t\t\t<a href=\"https:\/\/www.terzotempoforli.it\/wp-content\/uploads\/2025\/09\/TerzoTempo-menu-cucina-SITO.pdf\" target=\"_blank\" class=\"elementskit-btn  whitespace--normal\" id=\"\">\n\t\t\t\t\tle nostre proposte cena\t\t\t\t<\/a>\n\t\t\t\t\t<\/div>\n        <\/div>\t\t\t\t<\/div>\n\t\t\t\t<\/div>\n\t\t\t\t<div class=\"elementor-element elementor-element-7402b8a elementor-widget elementor-widget-menu-anchor\" data-id=\"7402b8a\" data-element_type=\"widget\" data-widget_type=\"menu-anchor.default\">\n\t\t\t\t<div class=\"elementor-widget-container\">\n\t\t\t\t\t\t\t<div class=\"elementor-menu-anchor\" id=\"review\"><\/div>\n\t\t\t\t\t\t<\/div>\n\t\t\t\t<\/div>\n\t\t\t\t<\/div>\n\t\t<div class=\"elementor-element elementor-element-5c4e5e2 e-con-full e-flex e-con e-child\" data-id=\"5c4e5e2\" data-element_type=\"container\" data-settings=\"{&quot;background_background&quot;:&quot;classic&quot;}\">\n\t\t\t\t<\/div>\n\t\t\t\t<\/div>\n\t\t<div class=\"elementor-element elementor-element-8f490e2 e-con-full e-flex e-con e-parent\" data-id=\"8f490e2\" data-element_type=\"container\" data-settings=\"{&quot;background_background&quot;:&quot;classic&quot;,&quot;xpro_backdrop_filter&quot;:&quot;yes&quot;}\">\n\t\t\t\t<div class=\"elementor-element elementor-element-8f36238 elementor-widget elementor-widget-shortcode\" data-id=\"8f36238\" data-element_type=\"widget\" data-widget_type=\"shortcode.default\">\n\t\t\t\t<div class=\"elementor-widget-container\">\n\t\t\t\t\t\t\t<div class=\"elementor-shortcode\"><style>a.wprev-google-wr-a {background: #0a6cff !important;}a.wprev-google-wr-a:hover {background: #0a6cffde !important;}.wprev-google-place {background: #ffffff !important;border-radius:0px !important;}.wprev-google-place {box-shadow: rgba(0, 0, 0, .08) 2px 2px 3px 0px !important;}img.sprev-google-left-src {min-width: 50px !important;min-height: 50px !important;}<\/style><div class=\"wprev_outer_wb\"><div class=\"wprev_badge_div badgeleft\"><div class=\"wprev-google-place\"><div class=\"wprev-google-left \"><img decoding=\"async\" class=\"sprev-google-left-src\" src=\"https:\/\/www.terzotempoforli.it\/wp-content\/plugins\/wp-google-places-review-slider\/public\/partials\/imgs\/google-my-business-icon-300x300.png\" alt=\"Terzo Tempo Caff\u00e8\" width=\"50\" height=\"50\" title=\"Terzo Tempo Caff\u00e8\"><\/div><div class=\"wprev-google-right\"><div class=\"wprev-google-name \"><a href=\"https:\/\/search.google.com\/local\/reviews?placeid=ChIJ-a1gaclZKxMRewNaXpIyov0\" target=\"_blank\" rel=\"nofollow noopener\"><span class=\"wprev-businessname\">Terzo Tempo Caff\u00e8<\/span><\/a><\/div><div class=\"wprevstardiv\"><span class=\"wprev-google-rating\">4.2<\/span><span class=\"wprevpro_star_imgs_T1\"><span class=\"starloc1 wprevpro_star_imgs wprevpro_star_imgsloc1\"><span class=\"svgicons svg-wprsp-star\"><\/span><span class=\"svgicons svg-wprsp-star\"><\/span><span class=\"svgicons svg-wprsp-star\"><\/span><span class=\"svgicons svg-wprsp-star\"><\/span><span class=\"svgicons svg-wprsp-star\"><\/span><\/span><\/span><\/div><div class=\"wprev-google-basedon badgehideclass\">Based on <span class=\"wprev_btot\">152<\/span> reviews<\/div><div class=\"wprev-google-powered badgehideclass\"><img loading=\"lazy\" decoding=\"async\" class=\"wprev-google-powered-img\" src=\"https:\/\/www.terzotempoforli.it\/wp-content\/plugins\/wp-google-places-review-slider\/public\/partials\/imgs\/poweredbygooglew.png\" alt=\"powered by Google\" width=\"144\" height=\"18\" title=\"powered by Google\"><\/div><div class=\"wprev-google-wr \"><a class=\"wprev-google-wr-a\" target=\"_blank\" rel=\"nofollow noopener\" href=\"https:\/\/search.google.com\/local\/writereview?placeid=ChIJ-a1gaclZKxMRewNaXpIyov0\" onclick=\"\">Review us on <svg viewBox=\"0 0 512 512\" height=\"18\" width=\"18\"><g fill=\"none\" fill-rule=\"evenodd\"><path d=\"M482.56 261.36c0-16.73-1.5-32.83-4.29-48.27H256v91.29h127.01c-5.47 29.5-22.1 54.49-47.09 71.23v59.21h76.27c44.63-41.09 70.37-101.59 70.37-173.46z\" fill=\"#4285f4\"><\/path><path d=\"M256 492c63.72 0 117.14-21.13 156.19-57.18l-76.27-59.21c-21.13 14.16-48.17 22.53-79.92 22.53-61.47 0-113.49-41.51-132.05-97.3H45.1v61.15c38.83 77.13 118.64 130.01 210.9 130.01z\" fill=\"#34a853\"><\/path><path d=\"M123.95 300.84c-4.72-14.16-7.4-29.29-7.4-44.84s2.68-30.68 7.4-44.84V150.01H45.1C29.12 181.87 20 217.92 20 256c0 38.08 9.12 74.13 25.1 105.99l78.85-61.15z\" fill=\"#fbbc05\"><\/path><path d=\"M256 113.86c34.65 0 65.76 11.91 90.22 35.29l67.69-67.69C373.03 43.39 319.61 20 256 20c-92.25 0-172.07 52.89-210.9 130.01l78.85 61.15c18.56-55.78 70.59-97.3 132.05-97.3z\" \r\n\t\t\tfill=\"#ea4335\"><\/path><path d=\"M20 20h472v472H20V20z\"><\/path><\/g><\/svg><\/a><\/div><\/div><\/div><\/div><style>#wprev-slider-2 .wprev_preview_bradius_T1 {border-radius: 10px;}#wprev-slider-2 .wprev_preview_bg1_T1::after{ border-top: 30px solid ; }<\/style><style><\/style><style>@media only screen and (max-width: 600px) {nav.wprs_unslider-nav {display: none;}}<\/style><div class=\"wprev-slider \" id=\"wprev-slider-2\" data-revsameheight=\"yes\" data-onemobil=\"yes\" data-sliderautoplay=\"yes\"  data-slidespeed=\"1\" data-slideautodelay=\"5\" data-sliderhideprevnext=\"\" data-sliderhidedots=\"\" data-sliderfixedheight=\"yes\"><ul><li>\t\t<div class=\"wprevpro_t1_outer_div w3_wprs-row-padding\">\r\n\t\t\t\t<div class=\"wprevpro_t1_DIV_1 w3_wprs-col l3\">\r\n\t\t\t<div class=\"indrevdiv wprevpro_t1_DIV_2 wprev_preview_bg1_T1 wprev_preview_tcolor1_T1 wprev_preview_bradius_T1\">\r\n\t\t\t\t<p class=\"wprevpro_t1_P_3 wprev_preview_tcolor1_T1\">\r\n\t\t\t\t\t<span class=\"wprevpro_star_imgs_T1\"><span class=\"starloc1 wprevpro_star_imgs wprevpro_star_imgsloc1\"><span class=\"svgicons svg-wprsp-star\"><\/span><span class=\"svgicons svg-wprsp-star\"><\/span><span class=\"svgicons svg-wprsp-star\"><\/span><span class=\"svgicons svg-wprsp-star\"><\/span><span class=\"svgicons svg-wprsp-star\"><\/span><\/span><\/span><span class=\"verifiedloc1 wprevpro_verified_svg wprevtooltip\" data-wprevtooltip=\"Verified on Google\"><span class=\"svgicons svg-wprsp-verified\"><\/span><\/span>Sempre accogliente con prodotti di qualit\u00e0\t\t\t\t<\/p>\r\n\t\t\t\t\t\t\t\t<img decoding=\"async\" src=\"https:\/\/www.terzotempoforli.it\/wp-content\/plugins\/wp-google-places-review-slider\/public\/partials\/imgs\/google_small_icon.png\" alt=\"Google Logo\" class=\"wprevpro_t1_site_logo siteicon sitetype_Google\">\t\t\t<\/div><span class=\"wprevpro_t1_A_8\"><img decoding=\"async\" src=\"https:\/\/lh3.googleusercontent.com\/a\/ACg8ocL7nOGn5ZHIQ0FgPhXfhlZdr4Qg9GNJg2S1Emfj5lcz_5xZ2Q=s120-c-rp-mo-ba4-br100\" alt=\"stefano savelli Avatar\" class=\"wprevpro_t1_IMG_4\" loading=\"lazy\" \/><\/span> <span class=\"wprevpro_t1_SPAN_5 wprev_preview_tcolor2_T1\">stefano savelli<br\/><span class=\"wprev_showdate_T1\">29 Aprile 2024<\/span> <\/span>\r\n\t\t<\/div>\r\n\t\t\t<div class=\"wprevpro_t1_DIV_1 w3_wprs-col l3\">\r\n\t\t\t<div class=\"indrevdiv wprevpro_t1_DIV_2 wprev_preview_bg1_T1 wprev_preview_tcolor1_T1 wprev_preview_bradius_T1\">\r\n\t\t\t\t<p class=\"wprevpro_t1_P_3 wprev_preview_tcolor1_T1\">\r\n\t\t\t\t\t<span class=\"wprevpro_star_imgs_T1\"><span class=\"starloc1 wprevpro_star_imgs wprevpro_star_imgsloc1\"><span class=\"svgicons svg-wprsp-star\"><\/span><span class=\"svgicons svg-wprsp-star\"><\/span><span class=\"svgicons svg-wprsp-star\"><\/span><span class=\"svgicons svg-wprsp-star\"><\/span><span class=\"svgicons svg-wprsp-star\"><\/span><\/span><\/span><span class=\"verifiedloc1 wprevpro_verified_svg wprevtooltip\" data-wprevtooltip=\"Verified on Google\"><span class=\"svgicons svg-wprsp-verified\"><\/span><\/span>La pizza buonissima ,molto  farcita ,friabile ,molto buona\t\t\t\t<\/p>\r\n\t\t\t\t\t\t\t\t<img decoding=\"async\" src=\"https:\/\/www.terzotempoforli.it\/wp-content\/plugins\/wp-google-places-review-slider\/public\/partials\/imgs\/google_small_icon.png\" alt=\"Google Logo\" class=\"wprevpro_t1_site_logo siteicon sitetype_Google\">\t\t\t<\/div><span class=\"wprevpro_t1_A_8\"><img decoding=\"async\" src=\"https:\/\/lh3.googleusercontent.com\/a\/ACg8ocLXKfWVPc5bhMXHMsFQRPlszRqAuFM6MeH2dSUBTrFvpq4s3g=s120-c-rp-mo-br100\" alt=\"silvia leoni Avatar\" class=\"wprevpro_t1_IMG_4\" loading=\"lazy\" \/><\/span> <span class=\"wprevpro_t1_SPAN_5 wprev_preview_tcolor2_T1\">silvia leoni<br\/><span class=\"wprev_showdate_T1\">29 Marzo 2024<\/span> <\/span>\r\n\t\t<\/div>\r\n\t\t\t<div class=\"wprevpro_t1_DIV_1 w3_wprs-col l3\">\r\n\t\t\t<div class=\"indrevdiv wprevpro_t1_DIV_2 wprev_preview_bg1_T1 wprev_preview_tcolor1_T1 wprev_preview_bradius_T1\">\r\n\t\t\t\t<p class=\"wprevpro_t1_P_3 wprev_preview_tcolor1_T1\">\r\n\t\t\t\t\t<span class=\"wprevpro_star_imgs_T1\"><span class=\"starloc1 wprevpro_star_imgs wprevpro_star_imgsloc1\"><span class=\"svgicons svg-wprsp-star\"><\/span><span class=\"svgicons svg-wprsp-star\"><\/span><span class=\"svgicons svg-wprsp-star\"><\/span><span class=\"svgicons svg-wprsp-star\"><\/span><span class=\"svgicons svg-wprsp-star\"><\/span><\/span><\/span><span class=\"verifiedloc1 wprevpro_verified_svg wprevtooltip\" data-wprevtooltip=\"Verified on Google\"><span class=\"svgicons svg-wprsp-verified\"><\/span><\/span>Cordialit\u00e0 ,professionalit\u00e0  al top ,complimenti ragazzi\t\t\t\t<\/p>\r\n\t\t\t\t\t\t\t\t<img decoding=\"async\" src=\"https:\/\/www.terzotempoforli.it\/wp-content\/plugins\/wp-google-places-review-slider\/public\/partials\/imgs\/google_small_icon.png\" alt=\"Google Logo\" class=\"wprevpro_t1_site_logo siteicon sitetype_Google\">\t\t\t<\/div><span class=\"wprevpro_t1_A_8\"><img decoding=\"async\" src=\"https:\/\/lh3.googleusercontent.com\/a-\/ALV-UjWuSMloBUtKpBD5F1FQqMspHgJMukFXT8zUivJSveHOBWrvaBk=s120-c-rp-mo-ba4-br100\" alt=\"Cinzia Cupo Avatar\" class=\"wprevpro_t1_IMG_4\" loading=\"lazy\" \/><\/span> <span class=\"wprevpro_t1_SPAN_5 wprev_preview_tcolor2_T1\">Cinzia Cupo<br\/><span class=\"wprev_showdate_T1\">29 Marzo 2024<\/span> <\/span>\r\n\t\t<\/div>\r\n\t\t\t<div class=\"wprevpro_t1_DIV_1 w3_wprs-col l3\">\r\n\t\t\t<div class=\"indrevdiv wprevpro_t1_DIV_2 wprev_preview_bg1_T1 wprev_preview_tcolor1_T1 wprev_preview_bradius_T1\">\r\n\t\t\t\t<p class=\"wprevpro_t1_P_3 wprev_preview_tcolor1_T1\">\r\n\t\t\t\t\t<span class=\"wprevpro_star_imgs_T1\"><span class=\"starloc1 wprevpro_star_imgs wprevpro_star_imgsloc1\"><span class=\"svgicons svg-wprsp-star\"><\/span><span class=\"svgicons svg-wprsp-star\"><\/span><span class=\"svgicons svg-wprsp-star\"><\/span><span class=\"svgicons svg-wprsp-star\"><\/span><span class=\"svgicons svg-wprsp-star-o\"><\/span><\/span><\/span><span class=\"verifiedloc1 wprevpro_verified_svg wprevtooltip\" data-wprevtooltip=\"Verified on Google\"><span class=\"svgicons svg-wprsp-verified\"><\/span><\/span>Ambiente semplice e funzionale\t\t\t\t<\/p>\r\n\t\t\t\t\t\t\t\t<img decoding=\"async\" src=\"https:\/\/www.terzotempoforli.it\/wp-content\/plugins\/wp-google-places-review-slider\/public\/partials\/imgs\/google_small_icon.png\" alt=\"Google Logo\" class=\"wprevpro_t1_site_logo siteicon sitetype_Google\">\t\t\t<\/div><span class=\"wprevpro_t1_A_8\"><img decoding=\"async\" src=\"https:\/\/lh3.googleusercontent.com\/a\/ACg8ocKAN507Q0WF8b9ueDZr8KDpfB7MEL32RBIocyw-2U53ZNUWIw=s120-c-rp-mo-ba5-br100\" alt=\"Fabrizio Gabbianelli Avatar\" class=\"wprevpro_t1_IMG_4\" loading=\"lazy\" \/><\/span> <span class=\"wprevpro_t1_SPAN_5 wprev_preview_tcolor2_T1\">Fabrizio Gabbianelli<br\/><span class=\"wprev_showdate_T1\">29 Febbraio 2024<\/span> <\/span>\r\n\t\t<\/div>\r\n\t\t<\/div>\r\n<\/li><li class=\"wprevnextslide\">\t\t<div class=\"wprevpro_t1_outer_div w3_wprs-row-padding\">\r\n\t\t\t\t<div class=\"wprevpro_t1_DIV_1 w3_wprs-col l3\">\r\n\t\t\t<div class=\"indrevdiv wprevpro_t1_DIV_2 wprev_preview_bg1_T1 wprev_preview_tcolor1_T1 wprev_preview_bradius_T1\">\r\n\t\t\t\t<p class=\"wprevpro_t1_P_3 wprev_preview_tcolor1_T1\">\r\n\t\t\t\t\t<span class=\"wprevpro_star_imgs_T1\"><span class=\"starloc1 wprevpro_star_imgs wprevpro_star_imgsloc1\"><span class=\"svgicons svg-wprsp-star\"><\/span><span class=\"svgicons svg-wprsp-star\"><\/span><span class=\"svgicons svg-wprsp-star\"><\/span><span class=\"svgicons svg-wprsp-star\"><\/span><span class=\"svgicons svg-wprsp-star\"><\/span><\/span><\/span><span class=\"verifiedloc1 wprevpro_verified_svg wprevtooltip\" data-wprevtooltip=\"Verified on Google\"><span class=\"svgicons svg-wprsp-verified\"><\/span><\/span>Tanta cortesia, e ambiente familiare.\t\t\t\t<\/p>\r\n\t\t\t\t\t\t\t\t<img decoding=\"async\" src=\"https:\/\/www.terzotempoforli.it\/wp-content\/plugins\/wp-google-places-review-slider\/public\/partials\/imgs\/google_small_icon.png\" alt=\"Google Logo\" class=\"wprevpro_t1_site_logo siteicon sitetype_Google\">\t\t\t<\/div><span class=\"wprevpro_t1_A_8\"><img decoding=\"async\" src=\"https:\/\/lh3.googleusercontent.com\/a-\/ALV-UjV9xhjkTK3d60B-qk0q4z7-kBfJHhDSyKzGyvHUBjzjCIjjmDNi7Q=s120-c-rp-mo-ba5-br100\" alt=\"Vincenzo Rinollo Avatar\" class=\"wprevpro_t1_IMG_4\" loading=\"lazy\" \/><\/span> <span class=\"wprevpro_t1_SPAN_5 wprev_preview_tcolor2_T1\">Vincenzo Rinollo<br\/><span class=\"wprev_showdate_T1\">29 Gennaio 2024<\/span> <\/span>\r\n\t\t<\/div>\r\n\t\t\t<div class=\"wprevpro_t1_DIV_1 w3_wprs-col l3\">\r\n\t\t\t<div class=\"indrevdiv wprevpro_t1_DIV_2 wprev_preview_bg1_T1 wprev_preview_tcolor1_T1 wprev_preview_bradius_T1\">\r\n\t\t\t\t<p class=\"wprevpro_t1_P_3 wprev_preview_tcolor1_T1\">\r\n\t\t\t\t\t<span class=\"wprevpro_star_imgs_T1\"><span class=\"starloc1 wprevpro_star_imgs wprevpro_star_imgsloc1\"><span class=\"svgicons svg-wprsp-star\"><\/span><span class=\"svgicons svg-wprsp-star\"><\/span><span class=\"svgicons svg-wprsp-star\"><\/span><span class=\"svgicons svg-wprsp-star\"><\/span><span class=\"svgicons svg-wprsp-star\"><\/span><\/span><\/span><span class=\"verifiedloc1 wprevpro_verified_svg wprevtooltip\" data-wprevtooltip=\"Verified on Google\"><span class=\"svgicons svg-wprsp-verified\"><\/span><\/span>Ambiente intimo e accogliente dove passare una tranquilla serata con amici degustando un'ottima pizza. Ottimo anche il prezzo. Divertenti le serate a tema che ogni tanto organizzano\t\t\t\t<\/p>\r\n\t\t\t\t\t\t\t\t<img decoding=\"async\" src=\"https:\/\/www.terzotempoforli.it\/wp-content\/plugins\/wp-google-places-review-slider\/public\/partials\/imgs\/google_small_icon.png\" alt=\"Google Logo\" class=\"wprevpro_t1_site_logo siteicon sitetype_Google\">\t\t\t<\/div><span class=\"wprevpro_t1_A_8\"><img decoding=\"async\" src=\"https:\/\/lh3.googleusercontent.com\/a\/ACg8ocIbiss71OTcW-4Kpoz7Rzti02TTveBVv8vSjkB_kZ7KdrCs=s120-c-rp-mo-br100\" alt=\"Elena Mambelli Avatar\" class=\"wprevpro_t1_IMG_4\" loading=\"lazy\" \/><\/span> <span class=\"wprevpro_t1_SPAN_5 wprev_preview_tcolor2_T1\">Elena Mambelli<br\/><span class=\"wprev_showdate_T1\">29 Novembre 2023<\/span> <\/span>\r\n\t\t<\/div>\r\n\t\t\t<div class=\"wprevpro_t1_DIV_1 w3_wprs-col l3\">\r\n\t\t\t<div class=\"indrevdiv wprevpro_t1_DIV_2 wprev_preview_bg1_T1 wprev_preview_tcolor1_T1 wprev_preview_bradius_T1\">\r\n\t\t\t\t<p class=\"wprevpro_t1_P_3 wprev_preview_tcolor1_T1\">\r\n\t\t\t\t\t<span class=\"wprevpro_star_imgs_T1\"><span class=\"starloc1 wprevpro_star_imgs wprevpro_star_imgsloc1\"><span class=\"svgicons svg-wprsp-star\"><\/span><span class=\"svgicons svg-wprsp-star\"><\/span><span class=\"svgicons svg-wprsp-star\"><\/span><span class=\"svgicons svg-wprsp-star\"><\/span><span class=\"svgicons svg-wprsp-star\"><\/span><\/span><\/span><span class=\"verifiedloc1 wprevpro_verified_svg wprevtooltip\" data-wprevtooltip=\"Verified on Google\"><span class=\"svgicons svg-wprsp-verified\"><\/span><\/span>Pizza molto buona, locale all'interno del centro sportivo in mezzo al verde  Parking: Parcheggio all'esterno del parco davanti al cancello  Kid-friendliness: Parco con giochi per bambini  Wheelchair<span class='wprs_rd_more'>... read more<\/span><span class='wprs_rd_more_text' style='display:none;'> accessibility: \u00c8 tutto al piano terra senza gradini<\/span>\t\t\t\t<\/p>\r\n\t\t\t\t\t\t\t\t<img decoding=\"async\" src=\"https:\/\/www.terzotempoforli.it\/wp-content\/plugins\/wp-google-places-review-slider\/public\/partials\/imgs\/google_small_icon.png\" alt=\"Google Logo\" class=\"wprevpro_t1_site_logo siteicon sitetype_Google\">\t\t\t<\/div><span class=\"wprevpro_t1_A_8\"><img decoding=\"async\" src=\"https:\/\/lh3.googleusercontent.com\/a-\/ALV-UjVcxryrhoADE2Wjq2-XNzHdx9znf822kjweLvIWu06q1cSravTl=s120-c-rp-mo-ba5-br100\" alt=\"Andrea Bartolini Avatar\" class=\"wprevpro_t1_IMG_4\" loading=\"lazy\" \/><\/span> <span class=\"wprevpro_t1_SPAN_5 wprev_preview_tcolor2_T1\">Andrea Bartolini<br\/><span class=\"wprev_showdate_T1\">29 Ottobre 2023<\/span> <\/span>\r\n\t\t<\/div>\r\n\t\t\t<div class=\"wprevpro_t1_DIV_1 w3_wprs-col l3\">\r\n\t\t\t<div class=\"indrevdiv wprevpro_t1_DIV_2 wprev_preview_bg1_T1 wprev_preview_tcolor1_T1 wprev_preview_bradius_T1\">\r\n\t\t\t\t<p class=\"wprevpro_t1_P_3 wprev_preview_tcolor1_T1\">\r\n\t\t\t\t\t<span class=\"wprevpro_star_imgs_T1\"><span class=\"starloc1 wprevpro_star_imgs wprevpro_star_imgsloc1\"><span class=\"svgicons svg-wprsp-star\"><\/span><span class=\"svgicons svg-wprsp-star\"><\/span><span class=\"svgicons svg-wprsp-star\"><\/span><span class=\"svgicons svg-wprsp-star\"><\/span><span class=\"svgicons svg-wprsp-star\"><\/span><\/span><\/span><span class=\"verifiedloc1 wprevpro_verified_svg wprevtooltip\" data-wprevtooltip=\"Verified on Google\"><span class=\"svgicons svg-wprsp-verified\"><\/span><\/span>Kid-friendliness: Children's sports center  Wheelchair accessibility: Wheelchair accessibility\t\t\t\t<\/p>\r\n\t\t\t\t\t\t\t\t<img decoding=\"async\" src=\"https:\/\/www.terzotempoforli.it\/wp-content\/plugins\/wp-google-places-review-slider\/public\/partials\/imgs\/google_small_icon.png\" alt=\"Google Logo\" class=\"wprevpro_t1_site_logo siteicon sitetype_Google\">\t\t\t<\/div><span class=\"wprevpro_t1_A_8\"><img decoding=\"async\" src=\"https:\/\/lh3.googleusercontent.com\/a-\/ALV-UjUqehxsxtNeKZ2RhTMs9zHkXZPzbJdPguiKd3Hq__hu3ft47aiwzQ=s120-c-rp-mo-ba4-br100\" alt=\"Paolo Zanchini Avatar\" class=\"wprevpro_t1_IMG_4\" loading=\"lazy\" \/><\/span> <span class=\"wprevpro_t1_SPAN_5 wprev_preview_tcolor2_T1\">Paolo Zanchini<br\/><span class=\"wprev_showdate_T1\">29 Settembre 2023<\/span> <\/span>\r\n\t\t<\/div>\r\n\t\t<\/div>\r\n<\/li><li class=\"wprevnextslide\">\t\t<div class=\"wprevpro_t1_outer_div w3_wprs-row-padding\">\r\n\t\t\t\t<div class=\"wprevpro_t1_DIV_1 w3_wprs-col l3\">\r\n\t\t\t<div class=\"indrevdiv wprevpro_t1_DIV_2 wprev_preview_bg1_T1 wprev_preview_tcolor1_T1 wprev_preview_bradius_T1\">\r\n\t\t\t\t<p class=\"wprevpro_t1_P_3 wprev_preview_tcolor1_T1\">\r\n\t\t\t\t\t<span class=\"wprevpro_star_imgs_T1\"><span class=\"starloc1 wprevpro_star_imgs wprevpro_star_imgsloc1\"><span class=\"svgicons svg-wprsp-star\"><\/span><span class=\"svgicons svg-wprsp-star\"><\/span><span class=\"svgicons svg-wprsp-star\"><\/span><span class=\"svgicons svg-wprsp-star\"><\/span><span class=\"svgicons svg-wprsp-star\"><\/span><\/span><\/span><span class=\"verifiedloc1 wprevpro_verified_svg wprevtooltip\" data-wprevtooltip=\"Verified on Google\"><span class=\"svgicons svg-wprsp-verified\"><\/span><\/span>Buona la pizza e gentilissima la cameriera\t\t\t\t<\/p>\r\n\t\t\t\t\t\t\t\t<img decoding=\"async\" src=\"https:\/\/www.terzotempoforli.it\/wp-content\/plugins\/wp-google-places-review-slider\/public\/partials\/imgs\/google_small_icon.png\" alt=\"Google Logo\" class=\"wprevpro_t1_site_logo siteicon sitetype_Google\">\t\t\t<\/div><span class=\"wprevpro_t1_A_8\"><img decoding=\"async\" src=\"https:\/\/lh3.googleusercontent.com\/a\/ACg8ocI7uX9iOlWJs5Z5X4OLfwF_HaIWEXb2f-zvAc9FQwqkHTMirA=s120-c-rp-mo-br100\" alt=\"Daniele Rusticano Avatar\" class=\"wprevpro_t1_IMG_4\" loading=\"lazy\" \/><\/span> <span class=\"wprevpro_t1_SPAN_5 wprev_preview_tcolor2_T1\">Daniele Rusticano<br\/><span class=\"wprev_showdate_T1\">29 Agosto 2023<\/span> <\/span>\r\n\t\t<\/div>\r\n\t\t\t<div class=\"wprevpro_t1_DIV_1 w3_wprs-col l3\">\r\n\t\t\t<div class=\"indrevdiv wprevpro_t1_DIV_2 wprev_preview_bg1_T1 wprev_preview_tcolor1_T1 wprev_preview_bradius_T1\">\r\n\t\t\t\t<p class=\"wprevpro_t1_P_3 wprev_preview_tcolor1_T1\">\r\n\t\t\t\t\t<span class=\"wprevpro_star_imgs_T1\"><span class=\"starloc1 wprevpro_star_imgs wprevpro_star_imgsloc1\"><span class=\"svgicons svg-wprsp-star\"><\/span><span class=\"svgicons svg-wprsp-star\"><\/span><span class=\"svgicons svg-wprsp-star\"><\/span><span class=\"svgicons svg-wprsp-star\"><\/span><span class=\"svgicons svg-wprsp-star-o\"><\/span><\/span><\/span><span class=\"verifiedloc1 wprevpro_verified_svg wprevtooltip\" data-wprevtooltip=\"Verified on Google\"><span class=\"svgicons svg-wprsp-verified\"><\/span><\/span>Pizza ottima, location x feste compkeanno bambini\t\t\t\t<\/p>\r\n\t\t\t\t\t\t\t\t<img decoding=\"async\" src=\"https:\/\/www.terzotempoforli.it\/wp-content\/plugins\/wp-google-places-review-slider\/public\/partials\/imgs\/google_small_icon.png\" alt=\"Google Logo\" class=\"wprevpro_t1_site_logo siteicon sitetype_Google\">\t\t\t<\/div><span class=\"wprevpro_t1_A_8\"><img decoding=\"async\" src=\"https:\/\/lh3.googleusercontent.com\/a-\/ALV-UjXUJAL6fQP_nyxfBwiF4wcW0k5FvOYHcDwXrkAiOsmMFyzLpXBvjQ=s120-c-rp-mo-ba6-br100\" alt=\"S. Sissax Avatar\" class=\"wprevpro_t1_IMG_4\" loading=\"lazy\" \/><\/span> <span class=\"wprevpro_t1_SPAN_5 wprev_preview_tcolor2_T1\">S. Sissax<br\/><span class=\"wprev_showdate_T1\">29 Agosto 2023<\/span> <\/span>\r\n\t\t<\/div>\r\n\t\t\t<div class=\"wprevpro_t1_DIV_1 w3_wprs-col l3\">\r\n\t\t\t<div class=\"indrevdiv wprevpro_t1_DIV_2 wprev_preview_bg1_T1 wprev_preview_tcolor1_T1 wprev_preview_bradius_T1\">\r\n\t\t\t\t<p class=\"wprevpro_t1_P_3 wprev_preview_tcolor1_T1\">\r\n\t\t\t\t\t<span class=\"wprevpro_star_imgs_T1\"><span class=\"starloc1 wprevpro_star_imgs wprevpro_star_imgsloc1\"><span class=\"svgicons svg-wprsp-star\"><\/span><span class=\"svgicons svg-wprsp-star\"><\/span><span class=\"svgicons svg-wprsp-star\"><\/span><span class=\"svgicons svg-wprsp-star\"><\/span><span class=\"svgicons svg-wprsp-star\"><\/span><\/span><\/span><span class=\"verifiedloc1 wprevpro_verified_svg wprevtooltip\" data-wprevtooltip=\"Verified on Google\"><span class=\"svgicons svg-wprsp-verified\"><\/span><\/span>Pizza buona, personale gentile, molto comodo avere il parco vicino per poter mangiare o fare un aperitivo mentre i bimbi giocano in sicurezza\t\t\t\t<\/p>\r\n\t\t\t\t\t\t\t\t<img decoding=\"async\" src=\"https:\/\/www.terzotempoforli.it\/wp-content\/plugins\/wp-google-places-review-slider\/public\/partials\/imgs\/google_small_icon.png\" alt=\"Google Logo\" class=\"wprevpro_t1_site_logo siteicon sitetype_Google\">\t\t\t<\/div><span class=\"wprevpro_t1_A_8\"><img decoding=\"async\" src=\"https:\/\/lh3.googleusercontent.com\/a-\/ALV-UjUepX8A2jTpBa6wvviFOoiKlxFUjM3kK0J70B8AfSQLykpQGIPR=s120-c-rp-mo-br100\" alt=\"Iulia Costan Avatar\" class=\"wprevpro_t1_IMG_4\" loading=\"lazy\" \/><\/span> <span class=\"wprevpro_t1_SPAN_5 wprev_preview_tcolor2_T1\">Iulia Costan<br\/><span class=\"wprev_showdate_T1\">29 Agosto 2022<\/span> <\/span>\r\n\t\t<\/div>\r\n\t\t\t<div class=\"wprevpro_t1_DIV_1 w3_wprs-col l3\">\r\n\t\t\t<div class=\"indrevdiv wprevpro_t1_DIV_2 wprev_preview_bg1_T1 wprev_preview_tcolor1_T1 wprev_preview_bradius_T1\">\r\n\t\t\t\t<p class=\"wprevpro_t1_P_3 wprev_preview_tcolor1_T1\">\r\n\t\t\t\t\t<span class=\"wprevpro_star_imgs_T1\"><span class=\"starloc1 wprevpro_star_imgs wprevpro_star_imgsloc1\"><span class=\"svgicons svg-wprsp-star\"><\/span><span class=\"svgicons svg-wprsp-star\"><\/span><span class=\"svgicons svg-wprsp-star\"><\/span><span class=\"svgicons svg-wprsp-star\"><\/span><span class=\"svgicons svg-wprsp-star\"><\/span><\/span><\/span><span class=\"verifiedloc1 wprevpro_verified_svg wprevtooltip\" data-wprevtooltip=\"Verified on Google\"><span class=\"svgicons svg-wprsp-verified\"><\/span><\/span>locale molto accogliente, lo frequento da molto tempo e non mi ha mai deluso, soprattutto personale gentile ed educato, in particolar modo un cameriere giovane  molto educato, professionale e<span class='wprs_rd_more'>... read more<\/span><span class='wprs_rd_more_text' style='display:none;'> simpatico. Pur essendo un locale di piccole dimensioni ha un men\u00f9 abbastanza ampio e vario.<\/span>\t\t\t\t<\/p>\r\n\t\t\t\t\t\t\t\t<img decoding=\"async\" src=\"https:\/\/www.terzotempoforli.it\/wp-content\/plugins\/wp-google-places-review-slider\/public\/partials\/imgs\/google_small_icon.png\" alt=\"Google Logo\" class=\"wprevpro_t1_site_logo siteicon sitetype_Google\">\t\t\t<\/div><span class=\"wprevpro_t1_A_8\"><img decoding=\"async\" src=\"https:\/\/lh3.googleusercontent.com\/a-\/ALV-UjVk3XPyk5E5Kljcb1ZuHOulvMWh4ArZBiubsIdUFaejQAuSpP0=s120-c-rp-mo-br100\" alt=\"Nicol\u00f2 _1307 Avatar\" class=\"wprevpro_t1_IMG_4\" loading=\"lazy\" \/><\/span> <span class=\"wprevpro_t1_SPAN_5 wprev_preview_tcolor2_T1\">Nicol\u00f2 _1307<br\/><span class=\"wprev_showdate_T1\">29 Agosto 2022<\/span> <\/span>\r\n\t\t<\/div>\r\n\t\t<\/div>\r\n<\/li><li class=\"wprevnextslide\">\t\t<div class=\"wprevpro_t1_outer_div w3_wprs-row-padding\">\r\n\t\t\t\t<div class=\"wprevpro_t1_DIV_1 w3_wprs-col l3\">\r\n\t\t\t<div class=\"indrevdiv wprevpro_t1_DIV_2 wprev_preview_bg1_T1 wprev_preview_tcolor1_T1 wprev_preview_bradius_T1\">\r\n\t\t\t\t<p class=\"wprevpro_t1_P_3 wprev_preview_tcolor1_T1\">\r\n\t\t\t\t\t<span class=\"wprevpro_star_imgs_T1\"><span class=\"starloc1 wprevpro_star_imgs wprevpro_star_imgsloc1\"><span class=\"svgicons svg-wprsp-star\"><\/span><span class=\"svgicons svg-wprsp-star\"><\/span><span class=\"svgicons svg-wprsp-star\"><\/span><span class=\"svgicons svg-wprsp-star\"><\/span><span class=\"svgicons svg-wprsp-star\"><\/span><\/span><\/span><span class=\"verifiedloc1 wprevpro_verified_svg wprevtooltip\" data-wprevtooltip=\"Verified on Google\"><span class=\"svgicons svg-wprsp-verified\"><\/span><\/span>Ottima pizza e una bella location,semplice ma accogliente. Si sta bene e si mangia bene... Pizzeria,fritti e hamburger \ud83d\udc4d\ud83d\udc4d\t\t\t\t<\/p>\r\n\t\t\t\t\t\t\t\t<img decoding=\"async\" src=\"https:\/\/www.terzotempoforli.it\/wp-content\/plugins\/wp-google-places-review-slider\/public\/partials\/imgs\/google_small_icon.png\" alt=\"Google Logo\" class=\"wprevpro_t1_site_logo siteicon sitetype_Google\">\t\t\t<\/div><span class=\"wprevpro_t1_A_8\"><img decoding=\"async\" src=\"https:\/\/lh3.googleusercontent.com\/a-\/ALV-UjUajCxH_P9T9KzqFFq4uE9Z8-RM-fMWqMlljixzhoK8S9TH6Q0O=s120-c-rp-mo-br100\" alt=\"Ivan Pazzi Avatar\" class=\"wprevpro_t1_IMG_4\" loading=\"lazy\" \/><\/span> <span class=\"wprevpro_t1_SPAN_5 wprev_preview_tcolor2_T1\">Ivan Pazzi<br\/><span class=\"wprev_showdate_T1\">29 Agosto 2022<\/span> <\/span>\r\n\t\t<\/div>\r\n\t\t<\/div>\r\n<\/li><\/ul><\/div><\/div>\r\n<\/div>\n\t\t\t\t\t\t<\/div>\n\t\t\t\t<\/div>\n\t\t\t\t<\/div>\n\t\t<div class=\"elementor-element elementor-element-6a6dc69 e-flex e-con-boxed e-con e-parent\" data-id=\"6a6dc69\" data-element_type=\"container\">\n\t\t\t\t\t<div class=\"e-con-inner\">\n\t\t\t\t<div class=\"elementor-element elementor-element-b6eb853 elementor-widget elementor-widget-menu-anchor\" data-id=\"b6eb853\" data-element_type=\"widget\" data-widget_type=\"menu-anchor.default\">\n\t\t\t\t<div class=\"elementor-widget-container\">\n\t\t\t\t\t\t\t<div class=\"elementor-menu-anchor\" id=\"chi\"><\/div>\n\t\t\t\t\t\t<\/div>\n\t\t\t\t<\/div>\n\t\t\t\t\t<\/div>\n\t\t\t\t<\/div>\n\t\t<div class=\"elementor-element elementor-element-ba268dc e-con-full e-flex e-con e-parent\" data-id=\"ba268dc\" data-element_type=\"container\" data-settings=\"{&quot;background_background&quot;:&quot;classic&quot;}\">\n\t\t<div class=\"elementor-element elementor-element-c1d19d0 e-flex e-con-boxed e-con e-child\" data-id=\"c1d19d0\" data-element_type=\"container\">\n\t\t\t\t\t<div class=\"e-con-inner\">\n\t\t<div class=\"elementor-element elementor-element-781d022 e-con-full e-flex e-con e-child\" data-id=\"781d022\" data-element_type=\"container\">\n\t\t<div class=\"elementor-element elementor-element-92c13b5 e-con-full e-flex e-con e-child\" data-id=\"92c13b5\" data-element_type=\"container\">\n\t\t\t\t<div class=\"elementor-element elementor-element-3bd2e3d elementor-widget elementor-widget-heading\" data-id=\"3bd2e3d\" data-element_type=\"widget\" data-widget_type=\"heading.default\">\n\t\t\t\t<div class=\"elementor-widget-container\">\n\t\t\t\t\t<h2 class=\"elementor-heading-title elementor-size-default\">CHI SIAMO<\/h2>\t\t\t\t<\/div>\n\t\t\t\t<\/div>\n\t\t\t\t<div class=\"elementor-element elementor-element-d0f784f elementor-widget elementor-widget-heading\" data-id=\"d0f784f\" data-element_type=\"widget\" data-widget_type=\"heading.default\">\n\t\t\t\t<div class=\"elementor-widget-container\">\n\t\t\t\t\t<h2 class=\"elementor-heading-title elementor-size-default\">Un\u2019attivit\u00e0 ricettiva che mette sapore e valore in ogni piatto.<\/h2>\t\t\t\t<\/div>\n\t\t\t\t<\/div>\n\t\t\t\t<div class=\"elementor-element elementor-element-6d73eb0 elementor-widget elementor-widget-text-editor\" data-id=\"6d73eb0\" data-element_type=\"widget\" data-widget_type=\"text-editor.default\">\n\t\t\t\t<div class=\"elementor-widget-container\">\n\t\t\t\t\t\t\t\t\t<p><span style=\"font-weight: 400;\"><strong>Terzo Tempo <em>Caff\u00e8 e Cucina <\/em><\/strong><\/span>\u00e8 un progetto imprenditoriale innovativo nato nel 2014 e promosso dalla<strong> Cooperativa Sociale L&#8217;Accoglienza<\/strong>; \u00e8 il luogo in cui si concretizza il nostro<span class=\"Apple-converted-space\">\u00a0 <\/span>impegno,<span class=\"Apple-converted-space\">\u00a0 <\/span>come cooperativa di inserimento lavorativo, nel creare un punto<span class=\"Apple-converted-space\">\u00a0 <\/span>di incontro e aggregazione comunitaria per famiglie e ragazzi, attento alle persone e alle relazioni. \u00c8 nato cos\u00ec un luogo speciale che promuove un\u2019idea vivace di comunit\u00e0, offrendo opportunit\u00e0 di formazione e inserimento lavorativo per le persone pi\u00f9 fragili sul mercato del lavoro.<\/p><p>Il grande e luminoso bar all&#8217;interno del parco del Polisportivo Nevio Treossi di Vecchiazzano, non \u00e8 solo un luogo di ristoro, dove godersi un aperitivo o una cena all\u2019aperto, ma un&#8217;opportunit\u00e0 di incontro ludico e ricreativo e nel contempo possibilit\u00e0 di inserimento lavorativo. Il tutto sostenuto dai valori che da sempre ci appartengono: solidariet\u00e0, giustizia sociale, collaborazione, inclusione, valorizzazione di luoghi di convivenza e attenzione al bene comune.<\/p>\t\t\t\t\t\t\t\t<\/div>\n\t\t\t\t<\/div>\n\t\t\t\t<\/div>\n\t\t\t\t<\/div>\n\t\t\t\t\t<\/div>\n\t\t\t\t<\/div>\n\t\t<div class=\"elementor-element elementor-element-eb7812a e-flex e-con-boxed e-con e-child\" data-id=\"eb7812a\" data-element_type=\"container\" data-settings=\"{&quot;background_background&quot;:&quot;classic&quot;,&quot;xpro_backdrop_filter&quot;:&quot;yes&quot;}\">\n\t\t\t\t\t<div class=\"e-con-inner\">\n\t\t\t\t<div class=\"elementor-element elementor-element-a87d85f elementor-widget__width-initial elementor-widget elementor-widget-image\" data-id=\"a87d85f\" data-element_type=\"widget\" data-widget_type=\"image.default\">\n\t\t\t\t<div class=\"elementor-widget-container\">\n\t\t\t\t\t\t\t\t\t\t\t\t\t\t\t<img loading=\"lazy\" decoding=\"async\" width=\"1722\" height=\"1794\" src=\"https:\/\/www.terzotempoforli.it\/wp-content\/uploads\/2024\/08\/Chi-siamo-terzo-tempo.png\" class=\"attachment-full size-full wp-image-471\" alt=\"Chi siamo terzo tempo\" srcset=\"https:\/\/www.terzotempoforli.it\/wp-content\/uploads\/2024\/08\/Chi-siamo-terzo-tempo.png 1722w, https:\/\/www.terzotempoforli.it\/wp-content\/uploads\/2024\/08\/Chi-siamo-terzo-tempo-288x300.png 288w, https:\/\/www.terzotempoforli.it\/wp-content\/uploads\/2024\/08\/Chi-siamo-terzo-tempo-983x1024.png 983w, https:\/\/www.terzotempoforli.it\/wp-content\/uploads\/2024\/08\/Chi-siamo-terzo-tempo-768x800.png 768w, https:\/\/www.terzotempoforli.it\/wp-content\/uploads\/2024\/08\/Chi-siamo-terzo-tempo-1474x1536.png 1474w\" sizes=\"(max-width: 1722px) 100vw, 1722px\" title=\"Chi siamo terzo tempo\" \/>\t\t\t\t\t\t\t\t\t\t\t\t\t\t\t<\/div>\n\t\t\t\t<\/div>\n\t\t\t\t\t<\/div>\n\t\t\t\t<\/div>\n\t\t\t\t<\/div>\n\t\t<div class=\"elementor-element elementor-element-cec5723 e-con-full e-flex e-con e-parent\" data-id=\"cec5723\" data-element_type=\"container\" data-settings=\"{&quot;background_background&quot;:&quot;classic&quot;}\">\n\t\t<div class=\"elementor-element elementor-element-15ff9dc e-con-full e-flex e-con e-child\" data-id=\"15ff9dc\" data-element_type=\"container\">\n\t\t\t\t<div class=\"elementor-element elementor-element-66da3f3 elementor-widget elementor-widget-image\" data-id=\"66da3f3\" data-element_type=\"widget\" data-widget_type=\"image.default\">\n\t\t\t\t<div class=\"elementor-widget-container\">\n\t\t\t\t\t\t\t\t\t\t\t\t\t\t\t<img loading=\"lazy\" decoding=\"async\" width=\"4185\" height=\"3299\" src=\"https:\/\/www.terzotempoforli.it\/wp-content\/uploads\/2024\/08\/La-nostra-storia-terzo-tempo.png\" class=\"attachment-full size-full wp-image-360\" alt=\"La nostra storia\" srcset=\"https:\/\/www.terzotempoforli.it\/wp-content\/uploads\/2024\/08\/La-nostra-storia-terzo-tempo.png 4185w, https:\/\/www.terzotempoforli.it\/wp-content\/uploads\/2024\/08\/La-nostra-storia-terzo-tempo-300x236.png 300w, https:\/\/www.terzotempoforli.it\/wp-content\/uploads\/2024\/08\/La-nostra-storia-terzo-tempo-1024x807.png 1024w, https:\/\/www.terzotempoforli.it\/wp-content\/uploads\/2024\/08\/La-nostra-storia-terzo-tempo-768x605.png 768w, https:\/\/www.terzotempoforli.it\/wp-content\/uploads\/2024\/08\/La-nostra-storia-terzo-tempo-1536x1211.png 1536w, https:\/\/www.terzotempoforli.it\/wp-content\/uploads\/2024\/08\/La-nostra-storia-terzo-tempo-2048x1614.png 2048w\" sizes=\"(max-width: 4185px) 100vw, 4185px\" title=\"La nostra storia terzo tempo\" \/>\t\t\t\t\t\t\t\t\t\t\t\t\t\t\t<\/div>\n\t\t\t\t<\/div>\n\t\t\t\t<div class=\"elementor-element elementor-element-29bad53 elementor-widget elementor-widget-menu-anchor\" data-id=\"29bad53\" data-element_type=\"widget\" data-widget_type=\"menu-anchor.default\">\n\t\t\t\t<div class=\"elementor-widget-container\">\n\t\t\t\t\t\t\t<div class=\"elementor-menu-anchor\" id=\"gallery\"><\/div>\n\t\t\t\t\t\t<\/div>\n\t\t\t\t<\/div>\n\t\t\t\t<\/div>\n\t\t<div class=\"elementor-element elementor-element-f455870 e-con-full e-flex e-con e-child\" data-id=\"f455870\" data-element_type=\"container\" data-settings=\"{&quot;background_background&quot;:&quot;classic&quot;}\">\n\t\t<div class=\"elementor-element elementor-element-f75fa5a e-con-full e-flex e-con e-child\" data-id=\"f75fa5a\" data-element_type=\"container\">\n\t\t<div class=\"elementor-element elementor-element-45a174f e-con-full e-flex e-con e-child\" data-id=\"45a174f\" data-element_type=\"container\">\n\t\t<div class=\"elementor-element elementor-element-6ed7352 e-con-full e-flex e-con e-child\" data-id=\"6ed7352\" data-element_type=\"container\">\n\t\t\t\t<div class=\"elementor-element elementor-element-a5b3424 elementor-widget elementor-widget-heading\" data-id=\"a5b3424\" data-element_type=\"widget\" data-widget_type=\"heading.default\">\n\t\t\t\t<div class=\"elementor-widget-container\">\n\t\t\t\t\t<h2 class=\"elementor-heading-title elementor-size-default\">L'ACCOGLIENZA<\/h2>\t\t\t\t<\/div>\n\t\t\t\t<\/div>\n\t\t\t\t<div class=\"elementor-element elementor-element-85ec7c6 elementor-widget elementor-widget-text-editor\" data-id=\"85ec7c6\" data-element_type=\"widget\" data-widget_type=\"text-editor.default\">\n\t\t\t\t<div class=\"elementor-widget-container\">\n\t\t\t\t\t\t\t\t\t<p><span style=\"font-weight: 400;\">La Cooperativa Sociale l&#8217;Accoglienza nasce a Forl\u00ec nel 1995 da un&#8217;esperienza di volontariato parrocchiale. \u00c8 cresciuta negli anni, creando opportunit\u00e0 educative ed inclusive, grazie alla creativit\u00e0 e alla passione di volontari e dipendenti, che ogni giorno vi operano. L&#8217;Accoglienza si impegna da sempre nel lavoro finalizzato alla crescita di una comunit\u00e0 pi\u00f9 solidale in cui proporre occasioni di partecipazione e cittadinanza attiva, nel rispetto delle diversit\u00e0 e rispondendo ai bisogni delle famiglie e delle persone pi\u00f9 fragili.<\/span><\/p>\t\t\t\t\t\t\t\t<\/div>\n\t\t\t\t<\/div>\n\t\t\t\t<\/div>\n\t\t\t\t<\/div>\n\t\t\t\t<\/div>\n\t\t\t\t<\/div>\n\t\t\t\t<\/div>\n\t\t<div class=\"elementor-element elementor-element-8e53d88 e-con-full e-flex e-con e-parent\" data-id=\"8e53d88\" data-element_type=\"container\" data-settings=\"{&quot;background_background&quot;:&quot;classic&quot;}\">\n\t\t<div class=\"elementor-element elementor-element-892138e e-flex e-con-boxed e-con e-child\" data-id=\"892138e\" data-element_type=\"container\">\n\t\t\t\t\t<div class=\"e-con-inner\">\n\t\t\t\t<div class=\"elementor-element elementor-element-5c9d1e0 elementor-widget elementor-widget-heading\" data-id=\"5c9d1e0\" data-element_type=\"widget\" data-widget_type=\"heading.default\">\n\t\t\t\t<div class=\"elementor-widget-container\">\n\t\t\t\t\t<h2 class=\"elementor-heading-title elementor-size-default\">Dove ci troviamo<\/h2>\t\t\t\t<\/div>\n\t\t\t\t<\/div>\n\t\t\t\t<div class=\"elementor-element elementor-element-f936950 elementor-widget elementor-widget-text-editor\" data-id=\"f936950\" data-element_type=\"widget\" data-widget_type=\"text-editor.default\">\n\t\t\t\t<div class=\"elementor-widget-container\">\n\t\t\t\t\t\t\t\t\t<p>Siamo all&#8217;interno dello splendido parco del polisportivo N. Treossi: un luogo comunitario a gestione condivisa con L&#8217;ASD Vecchiazzano, in cui sport, educazione e socialit\u00e0 si incontrano, offrendo opportunit\u00e0 di crescita per la comunit\u00e0.<\/p>\t\t\t\t\t\t\t\t<\/div>\n\t\t\t\t<\/div>\n\t\t\t\t\t<\/div>\n\t\t\t\t<\/div>\n\t\t\t\t<\/div>\n\t\t<div class=\"elementor-element elementor-element-3995c03 e-con-full e-flex e-con e-parent\" data-id=\"3995c03\" data-element_type=\"container\" data-settings=\"{&quot;background_background&quot;:&quot;classic&quot;}\">\n\t\t<div class=\"elementor-element elementor-element-c547c60 e-con-full e-flex e-con e-child\" data-id=\"c547c60\" data-element_type=\"container\">\n\t\t\t\t<div class=\"elementor-element elementor-element-d00c54d elementor-widget elementor-widget-google_maps\" data-id=\"d00c54d\" data-element_type=\"widget\" data-widget_type=\"google_maps.default\">\n\t\t\t\t<div class=\"elementor-widget-container\">\n\t\t\t\t\t\t\t<div class=\"elementor-custom-embed\">\n\t\t\t<iframe loading=\"lazy\"\n\t\t\t\t\tsrc=\"https:\/\/maps.google.com\/maps?q=Polisportivo%20Comunale%20Treossi%20Forl%C3%AC&#038;t=m&#038;z=16&#038;output=embed&#038;iwloc=near\"\n\t\t\t\t\ttitle=\"Polisportivo Comunale Treossi Forl\u00ec\"\n\t\t\t\t\taria-label=\"Polisportivo Comunale Treossi Forl\u00ec\"\n\t\t\t><\/iframe>\n\t\t<\/div>\n\t\t\t\t\t\t<\/div>\n\t\t\t\t<\/div>\n\t\t\t\t<div class=\"elementor-element elementor-element-48c69c8 elementor-widget elementor-widget-menu-anchor\" data-id=\"48c69c8\" data-element_type=\"widget\" data-widget_type=\"menu-anchor.default\">\n\t\t\t\t<div class=\"elementor-widget-container\">\n\t\t\t\t\t\t\t<div class=\"elementor-menu-anchor\" id=\"galleria\"><\/div>\n\t\t\t\t\t\t<\/div>\n\t\t\t\t<\/div>\n\t\t\t\t<\/div>\n\t\t\t\t<\/div>\n\t\t<div class=\"elementor-element elementor-element-4f83ba4 e-con-full e-flex e-con e-parent\" data-id=\"4f83ba4\" data-element_type=\"container\" data-settings=\"{&quot;background_background&quot;:&quot;classic&quot;}\">\n\t\t\t\t<div class=\"elementor-element elementor-element-2ca50f9 elementor-widget elementor-widget-xpro-simple-gallery\" data-id=\"2ca50f9\" data-element_type=\"widget\" data-settings=\"{&quot;margin_mobile&quot;:{&quot;unit&quot;:&quot;px&quot;,&quot;size&quot;:0,&quot;sizes&quot;:[]},&quot;item_per_row&quot;:4,&quot;item_per_row_tablet&quot;:2,&quot;item_per_row_mobile&quot;:1,&quot;item_height&quot;:{&quot;unit&quot;:&quot;px&quot;,&quot;size&quot;:300,&quot;sizes&quot;:[]},&quot;item_height_tablet&quot;:{&quot;unit&quot;:&quot;px&quot;,&quot;size&quot;:&quot;&quot;,&quot;sizes&quot;:[]},&quot;item_height_mobile&quot;:{&quot;unit&quot;:&quot;px&quot;,&quot;size&quot;:&quot;&quot;,&quot;sizes&quot;:[]},&quot;margin&quot;:{&quot;unit&quot;:&quot;px&quot;,&quot;size&quot;:15,&quot;sizes&quot;:[]},&quot;margin_tablet&quot;:{&quot;unit&quot;:&quot;px&quot;,&quot;size&quot;:15,&quot;sizes&quot;:[]},&quot;popup&quot;:&quot;1&quot;,&quot;thumbnail&quot;:&quot;yes&quot;,&quot;thumbnail_by_default&quot;:&quot;yes&quot;,&quot;share&quot;:&quot;yes&quot;,&quot;download&quot;:&quot;yes&quot;,&quot;hover_effect&quot;:&quot;zoom&quot;}\" data-widget_type=\"xpro-simple-gallery.default\">\n\t\t\t\t<div class=\"elementor-widget-container\">\n\t\t\t\t\t<div class=\"xpro-elementor-gallery xpro-elementor-gallery-layout-grid\">\n\n\t\n\t<!-- Main Gallery -->\n\t<div class=\"pluginResize xpro-elementor-gallery-wrapper cbp\">\n\n\t\t\n\t\t\t<!--Item-->\n\t\t\t<div class=\"cbp-item xpro-elementor-gallery-item filter-1\">\n\t\t\t\t<div class=\"cbp-caption\">\n\t\t\t\t\t<div class=\"cbp-caption-defaultWrap\">\n\t\t\t\t\t\t<img loading=\"lazy\" decoding=\"async\" width=\"1536\" height=\"2040\" src=\"https:\/\/www.terzotempoforli.it\/wp-content\/uploads\/2024\/10\/Terzo-Tempo-Ristorazione-Forli-e-Bar1.jpg\" class=\"attachment-full size-full\" alt=\"interni ristorante al Terzo Tempo Ristorazione Forli e Bar\" srcset=\"https:\/\/www.terzotempoforli.it\/wp-content\/uploads\/2024\/10\/Terzo-Tempo-Ristorazione-Forli-e-Bar1.jpg 1536w, https:\/\/www.terzotempoforli.it\/wp-content\/uploads\/2024\/10\/Terzo-Tempo-Ristorazione-Forli-e-Bar1-226x300.jpg 226w, https:\/\/www.terzotempoforli.it\/wp-content\/uploads\/2024\/10\/Terzo-Tempo-Ristorazione-Forli-e-Bar1-771x1024.jpg 771w, https:\/\/www.terzotempoforli.it\/wp-content\/uploads\/2024\/10\/Terzo-Tempo-Ristorazione-Forli-e-Bar1-768x1020.jpg 768w, https:\/\/www.terzotempoforli.it\/wp-content\/uploads\/2024\/10\/Terzo-Tempo-Ristorazione-Forli-e-Bar1-1157x1536.jpg 1157w\" sizes=\"(max-width: 1536px) 100vw, 1536px\" \/>\t\t\t\t\t<\/div>\n\t\t\t\t\t<div class=\"cbp-caption-activeWrap\">\n\t\t\t\t\t\t<div class=\"cbp-l-caption-alignCenter\" data-xpro-lightbox data-src=\"https:\/\/www.terzotempoforli.it\/wp-content\/uploads\/2024\/10\/Terzo-Tempo-Ristorazione-Forli-e-Bar1.jpg\">\n\t\t\t\t\t\t\t<!-- Overlay -->\n\t\t\t\t\t\t\t<div class=\"cbp-l-caption-body\">\n\t\t\t\t\t\t\t\t\n\t\t\t\t\t\t\t\t\t\t\t\t\t\t\t<\/div>\n\t\t\t\t\t\t<\/div>\n\t\t\t\t\t<\/div>\n\t\t\t\t<\/div>\n\t\t\t<\/div>\n\n\t\t\n\t\t\t<!--Item-->\n\t\t\t<div class=\"cbp-item xpro-elementor-gallery-item filter-1\">\n\t\t\t\t<div class=\"cbp-caption\">\n\t\t\t\t\t<div class=\"cbp-caption-defaultWrap\">\n\t\t\t\t\t\t<img loading=\"lazy\" decoding=\"async\" width=\"2040\" height=\"1536\" src=\"https:\/\/www.terzotempoforli.it\/wp-content\/uploads\/2024\/10\/Terzo-Tempo-Ristorazione-Forli-e-Bar2.jpg\" class=\"attachment-full size-full\" alt=\"nuovi arredi al Terzo Tempo Ristorazione Forli e Bar\" srcset=\"https:\/\/www.terzotempoforli.it\/wp-content\/uploads\/2024\/10\/Terzo-Tempo-Ristorazione-Forli-e-Bar2.jpg 2040w, https:\/\/www.terzotempoforli.it\/wp-content\/uploads\/2024\/10\/Terzo-Tempo-Ristorazione-Forli-e-Bar2-300x226.jpg 300w, https:\/\/www.terzotempoforli.it\/wp-content\/uploads\/2024\/10\/Terzo-Tempo-Ristorazione-Forli-e-Bar2-1024x771.jpg 1024w, https:\/\/www.terzotempoforli.it\/wp-content\/uploads\/2024\/10\/Terzo-Tempo-Ristorazione-Forli-e-Bar2-768x578.jpg 768w, https:\/\/www.terzotempoforli.it\/wp-content\/uploads\/2024\/10\/Terzo-Tempo-Ristorazione-Forli-e-Bar2-1536x1157.jpg 1536w\" sizes=\"(max-width: 2040px) 100vw, 2040px\" \/>\t\t\t\t\t<\/div>\n\t\t\t\t\t<div class=\"cbp-caption-activeWrap\">\n\t\t\t\t\t\t<div class=\"cbp-l-caption-alignCenter\" data-xpro-lightbox data-src=\"https:\/\/www.terzotempoforli.it\/wp-content\/uploads\/2024\/10\/Terzo-Tempo-Ristorazione-Forli-e-Bar2.jpg\">\n\t\t\t\t\t\t\t<!-- Overlay -->\n\t\t\t\t\t\t\t<div class=\"cbp-l-caption-body\">\n\t\t\t\t\t\t\t\t\n\t\t\t\t\t\t\t\t\t\t\t\t\t\t\t<\/div>\n\t\t\t\t\t\t<\/div>\n\t\t\t\t\t<\/div>\n\t\t\t\t<\/div>\n\t\t\t<\/div>\n\n\t\t\n\t\t\t<!--Item-->\n\t\t\t<div class=\"cbp-item xpro-elementor-gallery-item filter-1\">\n\t\t\t\t<div class=\"cbp-caption\">\n\t\t\t\t\t<div class=\"cbp-caption-defaultWrap\">\n\t\t\t\t\t\t<img loading=\"lazy\" decoding=\"async\" width=\"1536\" height=\"2040\" src=\"https:\/\/www.terzotempoforli.it\/wp-content\/uploads\/2024\/10\/Terzo-Tempo-Ristorazione-Forli-e-Bar3.jpg\" class=\"attachment-full size-full\" alt=\"nuova gestione al Terzo Tempo Ristorazione Forli e Bar\" srcset=\"https:\/\/www.terzotempoforli.it\/wp-content\/uploads\/2024\/10\/Terzo-Tempo-Ristorazione-Forli-e-Bar3.jpg 1536w, https:\/\/www.terzotempoforli.it\/wp-content\/uploads\/2024\/10\/Terzo-Tempo-Ristorazione-Forli-e-Bar3-226x300.jpg 226w, https:\/\/www.terzotempoforli.it\/wp-content\/uploads\/2024\/10\/Terzo-Tempo-Ristorazione-Forli-e-Bar3-771x1024.jpg 771w, https:\/\/www.terzotempoforli.it\/wp-content\/uploads\/2024\/10\/Terzo-Tempo-Ristorazione-Forli-e-Bar3-768x1020.jpg 768w, https:\/\/www.terzotempoforli.it\/wp-content\/uploads\/2024\/10\/Terzo-Tempo-Ristorazione-Forli-e-Bar3-1157x1536.jpg 1157w\" sizes=\"(max-width: 1536px) 100vw, 1536px\" \/>\t\t\t\t\t<\/div>\n\t\t\t\t\t<div class=\"cbp-caption-activeWrap\">\n\t\t\t\t\t\t<div class=\"cbp-l-caption-alignCenter\" data-xpro-lightbox data-src=\"https:\/\/www.terzotempoforli.it\/wp-content\/uploads\/2024\/10\/Terzo-Tempo-Ristorazione-Forli-e-Bar3.jpg\">\n\t\t\t\t\t\t\t<!-- Overlay -->\n\t\t\t\t\t\t\t<div class=\"cbp-l-caption-body\">\n\t\t\t\t\t\t\t\t\n\t\t\t\t\t\t\t\t\t\t\t\t\t\t\t<\/div>\n\t\t\t\t\t\t<\/div>\n\t\t\t\t\t<\/div>\n\t\t\t\t<\/div>\n\t\t\t<\/div>\n\n\t\t\n\t\t\t<!--Item-->\n\t\t\t<div class=\"cbp-item xpro-elementor-gallery-item filter-1\">\n\t\t\t\t<div class=\"cbp-caption\">\n\t\t\t\t\t<div class=\"cbp-caption-defaultWrap\">\n\t\t\t\t\t\t<img loading=\"lazy\" decoding=\"async\" width=\"800\" height=\"602\" src=\"https:\/\/www.terzotempoforli.it\/wp-content\/uploads\/2024\/10\/Terzo-Tempo-Ristorazione-Forli-e-Bar4.jpg\" class=\"attachment-full size-full\" alt=\"la nuova proposta al Terzo Tempo Ristorazione Forli e Bar\" srcset=\"https:\/\/www.terzotempoforli.it\/wp-content\/uploads\/2024\/10\/Terzo-Tempo-Ristorazione-Forli-e-Bar4.jpg 800w, https:\/\/www.terzotempoforli.it\/wp-content\/uploads\/2024\/10\/Terzo-Tempo-Ristorazione-Forli-e-Bar4-300x226.jpg 300w, https:\/\/www.terzotempoforli.it\/wp-content\/uploads\/2024\/10\/Terzo-Tempo-Ristorazione-Forli-e-Bar4-768x578.jpg 768w\" sizes=\"(max-width: 800px) 100vw, 800px\" \/>\t\t\t\t\t<\/div>\n\t\t\t\t\t<div class=\"cbp-caption-activeWrap\">\n\t\t\t\t\t\t<div class=\"cbp-l-caption-alignCenter\" data-xpro-lightbox data-src=\"https:\/\/www.terzotempoforli.it\/wp-content\/uploads\/2024\/10\/Terzo-Tempo-Ristorazione-Forli-e-Bar4.jpg\">\n\t\t\t\t\t\t\t<!-- Overlay -->\n\t\t\t\t\t\t\t<div class=\"cbp-l-caption-body\">\n\t\t\t\t\t\t\t\t\n\t\t\t\t\t\t\t\t\t\t\t\t\t\t\t<\/div>\n\t\t\t\t\t\t<\/div>\n\t\t\t\t\t<\/div>\n\t\t\t\t<\/div>\n\t\t\t<\/div>\n\n\t\t\n\t\t\t<!--Item-->\n\t\t\t<div class=\"cbp-item xpro-elementor-gallery-item filter-1\">\n\t\t\t\t<div class=\"cbp-caption\">\n\t\t\t\t\t<div class=\"cbp-caption-defaultWrap\">\n\t\t\t\t\t\t<img loading=\"lazy\" decoding=\"async\" width=\"2040\" height=\"1536\" src=\"https:\/\/www.terzotempoforli.it\/wp-content\/uploads\/2024\/10\/Terzo-Tempo-Ristorazione-Forli-e-Bar5.jpg\" class=\"attachment-full size-full\" alt=\"vi aspettiamo al Terzo Tempo Ristorazione Forli e Bar\" srcset=\"https:\/\/www.terzotempoforli.it\/wp-content\/uploads\/2024\/10\/Terzo-Tempo-Ristorazione-Forli-e-Bar5.jpg 2040w, https:\/\/www.terzotempoforli.it\/wp-content\/uploads\/2024\/10\/Terzo-Tempo-Ristorazione-Forli-e-Bar5-300x226.jpg 300w, https:\/\/www.terzotempoforli.it\/wp-content\/uploads\/2024\/10\/Terzo-Tempo-Ristorazione-Forli-e-Bar5-1024x771.jpg 1024w, https:\/\/www.terzotempoforli.it\/wp-content\/uploads\/2024\/10\/Terzo-Tempo-Ristorazione-Forli-e-Bar5-768x578.jpg 768w, https:\/\/www.terzotempoforli.it\/wp-content\/uploads\/2024\/10\/Terzo-Tempo-Ristorazione-Forli-e-Bar5-1536x1157.jpg 1536w\" sizes=\"(max-width: 2040px) 100vw, 2040px\" \/>\t\t\t\t\t<\/div>\n\t\t\t\t\t<div class=\"cbp-caption-activeWrap\">\n\t\t\t\t\t\t<div class=\"cbp-l-caption-alignCenter\" data-xpro-lightbox data-src=\"https:\/\/www.terzotempoforli.it\/wp-content\/uploads\/2024\/10\/Terzo-Tempo-Ristorazione-Forli-e-Bar5.jpg\">\n\t\t\t\t\t\t\t<!-- Overlay -->\n\t\t\t\t\t\t\t<div class=\"cbp-l-caption-body\">\n\t\t\t\t\t\t\t\t\n\t\t\t\t\t\t\t\t\t\t\t\t\t\t\t<\/div>\n\t\t\t\t\t\t<\/div>\n\t\t\t\t\t<\/div>\n\t\t\t\t<\/div>\n\t\t\t<\/div>\n\n\t\t\n\t\t\t<!--Item-->\n\t\t\t<div class=\"cbp-item xpro-elementor-gallery-item filter-1\">\n\t\t\t\t<div class=\"cbp-caption\">\n\t\t\t\t\t<div class=\"cbp-caption-defaultWrap\">\n\t\t\t\t\t\t<img loading=\"lazy\" decoding=\"async\" width=\"1536\" height=\"2040\" src=\"https:\/\/www.terzotempoforli.it\/wp-content\/uploads\/2024\/10\/Terzo-Tempo-Ristorazione-Forli-e-Bar6.jpg\" class=\"attachment-full size-full\" alt=\"accoglienza dello staff Terzo Tempo Ristorazione Forli e Bar\" srcset=\"https:\/\/www.terzotempoforli.it\/wp-content\/uploads\/2024\/10\/Terzo-Tempo-Ristorazione-Forli-e-Bar6.jpg 1536w, https:\/\/www.terzotempoforli.it\/wp-content\/uploads\/2024\/10\/Terzo-Tempo-Ristorazione-Forli-e-Bar6-226x300.jpg 226w, https:\/\/www.terzotempoforli.it\/wp-content\/uploads\/2024\/10\/Terzo-Tempo-Ristorazione-Forli-e-Bar6-771x1024.jpg 771w, https:\/\/www.terzotempoforli.it\/wp-content\/uploads\/2024\/10\/Terzo-Tempo-Ristorazione-Forli-e-Bar6-768x1020.jpg 768w, https:\/\/www.terzotempoforli.it\/wp-content\/uploads\/2024\/10\/Terzo-Tempo-Ristorazione-Forli-e-Bar6-1157x1536.jpg 1157w\" sizes=\"(max-width: 1536px) 100vw, 1536px\" \/>\t\t\t\t\t<\/div>\n\t\t\t\t\t<div class=\"cbp-caption-activeWrap\">\n\t\t\t\t\t\t<div class=\"cbp-l-caption-alignCenter\" data-xpro-lightbox data-src=\"https:\/\/www.terzotempoforli.it\/wp-content\/uploads\/2024\/10\/Terzo-Tempo-Ristorazione-Forli-e-Bar6.jpg\">\n\t\t\t\t\t\t\t<!-- Overlay -->\n\t\t\t\t\t\t\t<div class=\"cbp-l-caption-body\">\n\t\t\t\t\t\t\t\t\n\t\t\t\t\t\t\t\t\t\t\t\t\t\t\t<\/div>\n\t\t\t\t\t\t<\/div>\n\t\t\t\t\t<\/div>\n\t\t\t\t<\/div>\n\t\t\t<\/div>\n\n\t\t\n\t\t\t<!--Item-->\n\t\t\t<div class=\"cbp-item xpro-elementor-gallery-item filter-1\">\n\t\t\t\t<div class=\"cbp-caption\">\n\t\t\t\t\t<div class=\"cbp-caption-defaultWrap\">\n\t\t\t\t\t\t<img loading=\"lazy\" decoding=\"async\" width=\"2040\" height=\"1536\" src=\"https:\/\/www.terzotempoforli.it\/wp-content\/uploads\/2024\/10\/Terzo-Tempo-Ristorazione-Forli-e-Bar7.jpg\" class=\"attachment-full size-full\" alt=\"bar e cucina con lo staff di Terzo Tempo Ristorazione Forli e Bar\" srcset=\"https:\/\/www.terzotempoforli.it\/wp-content\/uploads\/2024\/10\/Terzo-Tempo-Ristorazione-Forli-e-Bar7.jpg 2040w, https:\/\/www.terzotempoforli.it\/wp-content\/uploads\/2024\/10\/Terzo-Tempo-Ristorazione-Forli-e-Bar7-300x226.jpg 300w, https:\/\/www.terzotempoforli.it\/wp-content\/uploads\/2024\/10\/Terzo-Tempo-Ristorazione-Forli-e-Bar7-1024x771.jpg 1024w, https:\/\/www.terzotempoforli.it\/wp-content\/uploads\/2024\/10\/Terzo-Tempo-Ristorazione-Forli-e-Bar7-768x578.jpg 768w, https:\/\/www.terzotempoforli.it\/wp-content\/uploads\/2024\/10\/Terzo-Tempo-Ristorazione-Forli-e-Bar7-1536x1157.jpg 1536w\" sizes=\"(max-width: 2040px) 100vw, 2040px\" \/>\t\t\t\t\t<\/div>\n\t\t\t\t\t<div class=\"cbp-caption-activeWrap\">\n\t\t\t\t\t\t<div class=\"cbp-l-caption-alignCenter\" data-xpro-lightbox data-src=\"https:\/\/www.terzotempoforli.it\/wp-content\/uploads\/2024\/10\/Terzo-Tempo-Ristorazione-Forli-e-Bar7.jpg\">\n\t\t\t\t\t\t\t<!-- Overlay -->\n\t\t\t\t\t\t\t<div class=\"cbp-l-caption-body\">\n\t\t\t\t\t\t\t\t\n\t\t\t\t\t\t\t\t\t\t\t\t\t\t\t<\/div>\n\t\t\t\t\t\t<\/div>\n\t\t\t\t\t<\/div>\n\t\t\t\t<\/div>\n\t\t\t<\/div>\n\n\t\t\n\t\t\t<!--Item-->\n\t\t\t<div class=\"cbp-item xpro-elementor-gallery-item filter-1\">\n\t\t\t\t<div class=\"cbp-caption\">\n\t\t\t\t\t<div class=\"cbp-caption-defaultWrap\">\n\t\t\t\t\t\t<img loading=\"lazy\" decoding=\"async\" width=\"2040\" height=\"1536\" src=\"https:\/\/www.terzotempoforli.it\/wp-content\/uploads\/2024\/10\/Terzo-Tempo-Ristorazione-Forli-e-Bar8.jpg\" class=\"attachment-full size-full\" alt=\"la cucina al Terzo Tempo Ristorazione Forli e Bar\" srcset=\"https:\/\/www.terzotempoforli.it\/wp-content\/uploads\/2024\/10\/Terzo-Tempo-Ristorazione-Forli-e-Bar8.jpg 2040w, https:\/\/www.terzotempoforli.it\/wp-content\/uploads\/2024\/10\/Terzo-Tempo-Ristorazione-Forli-e-Bar8-300x226.jpg 300w, https:\/\/www.terzotempoforli.it\/wp-content\/uploads\/2024\/10\/Terzo-Tempo-Ristorazione-Forli-e-Bar8-1024x771.jpg 1024w, https:\/\/www.terzotempoforli.it\/wp-content\/uploads\/2024\/10\/Terzo-Tempo-Ristorazione-Forli-e-Bar8-768x578.jpg 768w, https:\/\/www.terzotempoforli.it\/wp-content\/uploads\/2024\/10\/Terzo-Tempo-Ristorazione-Forli-e-Bar8-1536x1157.jpg 1536w\" sizes=\"(max-width: 2040px) 100vw, 2040px\" \/>\t\t\t\t\t<\/div>\n\t\t\t\t\t<div class=\"cbp-caption-activeWrap\">\n\t\t\t\t\t\t<div class=\"cbp-l-caption-alignCenter\" data-xpro-lightbox data-src=\"https:\/\/www.terzotempoforli.it\/wp-content\/uploads\/2024\/10\/Terzo-Tempo-Ristorazione-Forli-e-Bar8.jpg\">\n\t\t\t\t\t\t\t<!-- Overlay -->\n\t\t\t\t\t\t\t<div class=\"cbp-l-caption-body\">\n\t\t\t\t\t\t\t\t\n\t\t\t\t\t\t\t\t\t\t\t\t\t\t\t<\/div>\n\t\t\t\t\t\t<\/div>\n\t\t\t\t\t<\/div>\n\t\t\t\t<\/div>\n\t\t\t<\/div>\n\n\t\t\n\t\t\t<!--Item-->\n\t\t\t<div class=\"cbp-item xpro-elementor-gallery-item filter-1\">\n\t\t\t\t<div class=\"cbp-caption\">\n\t\t\t\t\t<div class=\"cbp-caption-defaultWrap\">\n\t\t\t\t\t\t<img loading=\"lazy\" decoding=\"async\" width=\"2016\" height=\"1512\" src=\"https:\/\/www.terzotempoforli.it\/wp-content\/uploads\/2024\/10\/Terzo-Tempo-Ristorazione-Forli-e-Bar9.jpeg\" class=\"attachment-full size-full\" alt=\"cena tra amici Terzo Tempo Ristorazione Forli e Bar\" srcset=\"https:\/\/www.terzotempoforli.it\/wp-content\/uploads\/2024\/10\/Terzo-Tempo-Ristorazione-Forli-e-Bar9.jpeg 2016w, https:\/\/www.terzotempoforli.it\/wp-content\/uploads\/2024\/10\/Terzo-Tempo-Ristorazione-Forli-e-Bar9-300x225.jpeg 300w, https:\/\/www.terzotempoforli.it\/wp-content\/uploads\/2024\/10\/Terzo-Tempo-Ristorazione-Forli-e-Bar9-1024x768.jpeg 1024w, https:\/\/www.terzotempoforli.it\/wp-content\/uploads\/2024\/10\/Terzo-Tempo-Ristorazione-Forli-e-Bar9-768x576.jpeg 768w, https:\/\/www.terzotempoforli.it\/wp-content\/uploads\/2024\/10\/Terzo-Tempo-Ristorazione-Forli-e-Bar9-1536x1152.jpeg 1536w\" sizes=\"(max-width: 2016px) 100vw, 2016px\" \/>\t\t\t\t\t<\/div>\n\t\t\t\t\t<div class=\"cbp-caption-activeWrap\">\n\t\t\t\t\t\t<div class=\"cbp-l-caption-alignCenter\" data-xpro-lightbox data-src=\"https:\/\/www.terzotempoforli.it\/wp-content\/uploads\/2024\/10\/Terzo-Tempo-Ristorazione-Forli-e-Bar9.jpeg\">\n\t\t\t\t\t\t\t<!-- Overlay -->\n\t\t\t\t\t\t\t<div class=\"cbp-l-caption-body\">\n\t\t\t\t\t\t\t\t\n\t\t\t\t\t\t\t\t\t\t\t\t\t\t\t<\/div>\n\t\t\t\t\t\t<\/div>\n\t\t\t\t\t<\/div>\n\t\t\t\t<\/div>\n\t\t\t<\/div>\n\n\t\t\n\t\t\t<!--Item-->\n\t\t\t<div class=\"cbp-item xpro-elementor-gallery-item filter-1\">\n\t\t\t\t<div class=\"cbp-caption\">\n\t\t\t\t\t<div class=\"cbp-caption-defaultWrap\">\n\t\t\t\t\t\t<img loading=\"lazy\" decoding=\"async\" width=\"1536\" height=\"2040\" src=\"https:\/\/www.terzotempoforli.it\/wp-content\/uploads\/2024\/10\/Terzo-Tempo-Ristorazione-Forli-e-Bar10.jpeg\" class=\"attachment-full size-full\" alt=\"cenare al Terzo Tempo Ristorazione Forli e Bar\" srcset=\"https:\/\/www.terzotempoforli.it\/wp-content\/uploads\/2024\/10\/Terzo-Tempo-Ristorazione-Forli-e-Bar10.jpeg 1536w, https:\/\/www.terzotempoforli.it\/wp-content\/uploads\/2024\/10\/Terzo-Tempo-Ristorazione-Forli-e-Bar10-226x300.jpeg 226w, https:\/\/www.terzotempoforli.it\/wp-content\/uploads\/2024\/10\/Terzo-Tempo-Ristorazione-Forli-e-Bar10-771x1024.jpeg 771w, https:\/\/www.terzotempoforli.it\/wp-content\/uploads\/2024\/10\/Terzo-Tempo-Ristorazione-Forli-e-Bar10-768x1020.jpeg 768w, https:\/\/www.terzotempoforli.it\/wp-content\/uploads\/2024\/10\/Terzo-Tempo-Ristorazione-Forli-e-Bar10-1157x1536.jpeg 1157w\" sizes=\"(max-width: 1536px) 100vw, 1536px\" \/>\t\t\t\t\t<\/div>\n\t\t\t\t\t<div class=\"cbp-caption-activeWrap\">\n\t\t\t\t\t\t<div class=\"cbp-l-caption-alignCenter\" data-xpro-lightbox data-src=\"https:\/\/www.terzotempoforli.it\/wp-content\/uploads\/2024\/10\/Terzo-Tempo-Ristorazione-Forli-e-Bar10.jpeg\">\n\t\t\t\t\t\t\t<!-- Overlay -->\n\t\t\t\t\t\t\t<div class=\"cbp-l-caption-body\">\n\t\t\t\t\t\t\t\t\n\t\t\t\t\t\t\t\t\t\t\t\t\t\t\t<\/div>\n\t\t\t\t\t\t<\/div>\n\t\t\t\t\t<\/div>\n\t\t\t\t<\/div>\n\t\t\t<\/div>\n\n\t\t\n\t\t\t<!--Item-->\n\t\t\t<div class=\"cbp-item xpro-elementor-gallery-item filter-1\">\n\t\t\t\t<div class=\"cbp-caption\">\n\t\t\t\t\t<div class=\"cbp-caption-defaultWrap\">\n\t\t\t\t\t\t<img loading=\"lazy\" decoding=\"async\" width=\"1126\" height=\"2000\" src=\"https:\/\/www.terzotempoforli.it\/wp-content\/uploads\/2024\/10\/Terzo-Tempo-Ristorazione-Forli-e-Bar11.jpeg\" class=\"attachment-full size-full\" alt=\"nuovo stile al Terzo Tempo Ristorazione Forli e Bar\" srcset=\"https:\/\/www.terzotempoforli.it\/wp-content\/uploads\/2024\/10\/Terzo-Tempo-Ristorazione-Forli-e-Bar11.jpeg 1126w, https:\/\/www.terzotempoforli.it\/wp-content\/uploads\/2024\/10\/Terzo-Tempo-Ristorazione-Forli-e-Bar11-169x300.jpeg 169w, https:\/\/www.terzotempoforli.it\/wp-content\/uploads\/2024\/10\/Terzo-Tempo-Ristorazione-Forli-e-Bar11-577x1024.jpeg 577w, https:\/\/www.terzotempoforli.it\/wp-content\/uploads\/2024\/10\/Terzo-Tempo-Ristorazione-Forli-e-Bar11-768x1364.jpeg 768w, https:\/\/www.terzotempoforli.it\/wp-content\/uploads\/2024\/10\/Terzo-Tempo-Ristorazione-Forli-e-Bar11-865x1536.jpeg 865w\" sizes=\"(max-width: 1126px) 100vw, 1126px\" \/>\t\t\t\t\t<\/div>\n\t\t\t\t\t<div class=\"cbp-caption-activeWrap\">\n\t\t\t\t\t\t<div class=\"cbp-l-caption-alignCenter\" data-xpro-lightbox data-src=\"https:\/\/www.terzotempoforli.it\/wp-content\/uploads\/2024\/10\/Terzo-Tempo-Ristorazione-Forli-e-Bar11.jpeg\">\n\t\t\t\t\t\t\t<!-- Overlay -->\n\t\t\t\t\t\t\t<div class=\"cbp-l-caption-body\">\n\t\t\t\t\t\t\t\t\n\t\t\t\t\t\t\t\t\t\t\t\t\t\t\t<\/div>\n\t\t\t\t\t\t<\/div>\n\t\t\t\t\t<\/div>\n\t\t\t\t<\/div>\n\t\t\t<\/div>\n\n\t\t\n\t\t\t<!--Item-->\n\t\t\t<div class=\"cbp-item xpro-elementor-gallery-item filter-1\">\n\t\t\t\t<div class=\"cbp-caption\">\n\t\t\t\t\t<div class=\"cbp-caption-defaultWrap\">\n\t\t\t\t\t\t<img loading=\"lazy\" decoding=\"async\" width=\"713\" height=\"918\" src=\"https:\/\/www.terzotempoforli.it\/wp-content\/uploads\/2024\/10\/Terzo-Tempo-Ristorazione-Forli-e-Bar12.jpeg\" class=\"attachment-full size-full\" alt=\"serate al Terzo Tempo Ristorazione Forli e Bar\" srcset=\"https:\/\/www.terzotempoforli.it\/wp-content\/uploads\/2024\/10\/Terzo-Tempo-Ristorazione-Forli-e-Bar12.jpeg 713w, https:\/\/www.terzotempoforli.it\/wp-content\/uploads\/2024\/10\/Terzo-Tempo-Ristorazione-Forli-e-Bar12-233x300.jpeg 233w\" sizes=\"(max-width: 713px) 100vw, 713px\" \/>\t\t\t\t\t<\/div>\n\t\t\t\t\t<div class=\"cbp-caption-activeWrap\">\n\t\t\t\t\t\t<div class=\"cbp-l-caption-alignCenter\" data-xpro-lightbox data-src=\"https:\/\/www.terzotempoforli.it\/wp-content\/uploads\/2024\/10\/Terzo-Tempo-Ristorazione-Forli-e-Bar12.jpeg\">\n\t\t\t\t\t\t\t<!-- Overlay -->\n\t\t\t\t\t\t\t<div class=\"cbp-l-caption-body\">\n\t\t\t\t\t\t\t\t\n\t\t\t\t\t\t\t\t\t\t\t\t\t\t\t<\/div>\n\t\t\t\t\t\t<\/div>\n\t\t\t\t\t<\/div>\n\t\t\t\t<\/div>\n\t\t\t<\/div>\n\n\t\t\n\t\t\t<!--Item-->\n\t\t\t<div class=\"cbp-item xpro-elementor-gallery-item filter-1\">\n\t\t\t\t<div class=\"cbp-caption\">\n\t\t\t\t\t<div class=\"cbp-caption-defaultWrap\">\n\t\t\t\t\t\t<img loading=\"lazy\" decoding=\"async\" width=\"1024\" height=\"1024\" src=\"https:\/\/www.terzotempoforli.it\/wp-content\/uploads\/2024\/10\/Terzo-Tempo-Ristorazione-Forli-e-Bar13.jpeg\" class=\"attachment-full size-full\" alt=\"benvenuti al Terzo Tempo Ristorazione Forli e Bar\" srcset=\"https:\/\/www.terzotempoforli.it\/wp-content\/uploads\/2024\/10\/Terzo-Tempo-Ristorazione-Forli-e-Bar13.jpeg 1024w, https:\/\/www.terzotempoforli.it\/wp-content\/uploads\/2024\/10\/Terzo-Tempo-Ristorazione-Forli-e-Bar13-300x300.jpeg 300w, https:\/\/www.terzotempoforli.it\/wp-content\/uploads\/2024\/10\/Terzo-Tempo-Ristorazione-Forli-e-Bar13-150x150.jpeg 150w, https:\/\/www.terzotempoforli.it\/wp-content\/uploads\/2024\/10\/Terzo-Tempo-Ristorazione-Forli-e-Bar13-768x768.jpeg 768w\" sizes=\"(max-width: 1024px) 100vw, 1024px\" \/>\t\t\t\t\t<\/div>\n\t\t\t\t\t<div class=\"cbp-caption-activeWrap\">\n\t\t\t\t\t\t<div class=\"cbp-l-caption-alignCenter\" data-xpro-lightbox data-src=\"https:\/\/www.terzotempoforli.it\/wp-content\/uploads\/2024\/10\/Terzo-Tempo-Ristorazione-Forli-e-Bar13.jpeg\">\n\t\t\t\t\t\t\t<!-- Overlay -->\n\t\t\t\t\t\t\t<div class=\"cbp-l-caption-body\">\n\t\t\t\t\t\t\t\t\n\t\t\t\t\t\t\t\t\t\t\t\t\t\t\t<\/div>\n\t\t\t\t\t\t<\/div>\n\t\t\t\t\t<\/div>\n\t\t\t\t<\/div>\n\t\t\t<\/div>\n\n\t\t\n\t\t\t<!--Item-->\n\t\t\t<div class=\"cbp-item xpro-elementor-gallery-item filter-1\">\n\t\t\t\t<div class=\"cbp-caption\">\n\t\t\t\t\t<div class=\"cbp-caption-defaultWrap\">\n\t\t\t\t\t\t<img loading=\"lazy\" decoding=\"async\" width=\"1024\" height=\"1024\" src=\"https:\/\/www.terzotempoforli.it\/wp-content\/uploads\/2024\/10\/Terzo-Tempo-Ristorazione-Forli-e-Bar14.jpeg\" class=\"attachment-full size-full\" alt=\"accoglienza Terzo Tempo Ristorazione Forli e Bar\" srcset=\"https:\/\/www.terzotempoforli.it\/wp-content\/uploads\/2024\/10\/Terzo-Tempo-Ristorazione-Forli-e-Bar14.jpeg 1024w, https:\/\/www.terzotempoforli.it\/wp-content\/uploads\/2024\/10\/Terzo-Tempo-Ristorazione-Forli-e-Bar14-300x300.jpeg 300w, https:\/\/www.terzotempoforli.it\/wp-content\/uploads\/2024\/10\/Terzo-Tempo-Ristorazione-Forli-e-Bar14-150x150.jpeg 150w, https:\/\/www.terzotempoforli.it\/wp-content\/uploads\/2024\/10\/Terzo-Tempo-Ristorazione-Forli-e-Bar14-768x768.jpeg 768w\" sizes=\"(max-width: 1024px) 100vw, 1024px\" \/>\t\t\t\t\t<\/div>\n\t\t\t\t\t<div class=\"cbp-caption-activeWrap\">\n\t\t\t\t\t\t<div class=\"cbp-l-caption-alignCenter\" data-xpro-lightbox data-src=\"https:\/\/www.terzotempoforli.it\/wp-content\/uploads\/2024\/10\/Terzo-Tempo-Ristorazione-Forli-e-Bar14.jpeg\">\n\t\t\t\t\t\t\t<!-- Overlay -->\n\t\t\t\t\t\t\t<div class=\"cbp-l-caption-body\">\n\t\t\t\t\t\t\t\t\n\t\t\t\t\t\t\t\t\t\t\t\t\t\t\t<\/div>\n\t\t\t\t\t\t<\/div>\n\t\t\t\t\t<\/div>\n\t\t\t\t<\/div>\n\t\t\t<\/div>\n\n\t\t\n\t\t\t<!--Item-->\n\t\t\t<div class=\"cbp-item xpro-elementor-gallery-item filter-1\">\n\t\t\t\t<div class=\"cbp-caption\">\n\t\t\t\t\t<div class=\"cbp-caption-defaultWrap\">\n\t\t\t\t\t\t<img loading=\"lazy\" decoding=\"async\" width=\"1024\" height=\"1024\" src=\"https:\/\/www.terzotempoforli.it\/wp-content\/uploads\/2024\/10\/Terzo-Tempo-Ristorazione-Forli-e-Bar15.jpeg\" class=\"attachment-full size-full\" alt=\"offerta Terzo Tempo Ristorazione Forli e Bar\" srcset=\"https:\/\/www.terzotempoforli.it\/wp-content\/uploads\/2024\/10\/Terzo-Tempo-Ristorazione-Forli-e-Bar15.jpeg 1024w, https:\/\/www.terzotempoforli.it\/wp-content\/uploads\/2024\/10\/Terzo-Tempo-Ristorazione-Forli-e-Bar15-300x300.jpeg 300w, https:\/\/www.terzotempoforli.it\/wp-content\/uploads\/2024\/10\/Terzo-Tempo-Ristorazione-Forli-e-Bar15-150x150.jpeg 150w, https:\/\/www.terzotempoforli.it\/wp-content\/uploads\/2024\/10\/Terzo-Tempo-Ristorazione-Forli-e-Bar15-768x768.jpeg 768w\" sizes=\"(max-width: 1024px) 100vw, 1024px\" \/>\t\t\t\t\t<\/div>\n\t\t\t\t\t<div class=\"cbp-caption-activeWrap\">\n\t\t\t\t\t\t<div class=\"cbp-l-caption-alignCenter\" data-xpro-lightbox data-src=\"https:\/\/www.terzotempoforli.it\/wp-content\/uploads\/2024\/10\/Terzo-Tempo-Ristorazione-Forli-e-Bar15.jpeg\">\n\t\t\t\t\t\t\t<!-- Overlay -->\n\t\t\t\t\t\t\t<div class=\"cbp-l-caption-body\">\n\t\t\t\t\t\t\t\t\n\t\t\t\t\t\t\t\t\t\t\t\t\t\t\t<\/div>\n\t\t\t\t\t\t<\/div>\n\t\t\t\t\t<\/div>\n\t\t\t\t<\/div>\n\t\t\t<\/div>\n\n\t\t\n\t\t\t<!--Item-->\n\t\t\t<div class=\"cbp-item xpro-elementor-gallery-item filter-1\">\n\t\t\t\t<div class=\"cbp-caption\">\n\t\t\t\t\t<div class=\"cbp-caption-defaultWrap\">\n\t\t\t\t\t\t<img loading=\"lazy\" decoding=\"async\" width=\"1024\" height=\"1024\" src=\"https:\/\/www.terzotempoforli.it\/wp-content\/uploads\/2024\/10\/Terzo-Tempo-Ristorazione-Forli-e-Bar16.jpeg\" class=\"attachment-full size-full\" alt=\"serata tra amici al Terzo Tempo Ristorazione Forli e Bar\" srcset=\"https:\/\/www.terzotempoforli.it\/wp-content\/uploads\/2024\/10\/Terzo-Tempo-Ristorazione-Forli-e-Bar16.jpeg 1024w, https:\/\/www.terzotempoforli.it\/wp-content\/uploads\/2024\/10\/Terzo-Tempo-Ristorazione-Forli-e-Bar16-300x300.jpeg 300w, https:\/\/www.terzotempoforli.it\/wp-content\/uploads\/2024\/10\/Terzo-Tempo-Ristorazione-Forli-e-Bar16-150x150.jpeg 150w, https:\/\/www.terzotempoforli.it\/wp-content\/uploads\/2024\/10\/Terzo-Tempo-Ristorazione-Forli-e-Bar16-768x768.jpeg 768w\" sizes=\"(max-width: 1024px) 100vw, 1024px\" \/>\t\t\t\t\t<\/div>\n\t\t\t\t\t<div class=\"cbp-caption-activeWrap\">\n\t\t\t\t\t\t<div class=\"cbp-l-caption-alignCenter\" data-xpro-lightbox data-src=\"https:\/\/www.terzotempoforli.it\/wp-content\/uploads\/2024\/10\/Terzo-Tempo-Ristorazione-Forli-e-Bar16.jpeg\">\n\t\t\t\t\t\t\t<!-- Overlay -->\n\t\t\t\t\t\t\t<div class=\"cbp-l-caption-body\">\n\t\t\t\t\t\t\t\t\n\t\t\t\t\t\t\t\t\t\t\t\t\t\t\t<\/div>\n\t\t\t\t\t\t<\/div>\n\t\t\t\t\t<\/div>\n\t\t\t\t<\/div>\n\t\t\t<\/div>\n\n\t\t\n\t\t\t<!--Item-->\n\t\t\t<div class=\"cbp-item xpro-elementor-gallery-item filter-1\">\n\t\t\t\t<div class=\"cbp-caption\">\n\t\t\t\t\t<div class=\"cbp-caption-defaultWrap\">\n\t\t\t\t\t\t<img loading=\"lazy\" decoding=\"async\" width=\"1536\" height=\"2040\" src=\"https:\/\/www.terzotempoforli.it\/wp-content\/uploads\/2024\/10\/Terzo-Tempo-Ristorazione-Forli-e-Bar17.jpeg\" class=\"attachment-full size-full\" alt=\"la pizza Terzo Tempo Ristorazione Forli e Bar\" srcset=\"https:\/\/www.terzotempoforli.it\/wp-content\/uploads\/2024\/10\/Terzo-Tempo-Ristorazione-Forli-e-Bar17.jpeg 1536w, https:\/\/www.terzotempoforli.it\/wp-content\/uploads\/2024\/10\/Terzo-Tempo-Ristorazione-Forli-e-Bar17-226x300.jpeg 226w, https:\/\/www.terzotempoforli.it\/wp-content\/uploads\/2024\/10\/Terzo-Tempo-Ristorazione-Forli-e-Bar17-771x1024.jpeg 771w, https:\/\/www.terzotempoforli.it\/wp-content\/uploads\/2024\/10\/Terzo-Tempo-Ristorazione-Forli-e-Bar17-768x1020.jpeg 768w, https:\/\/www.terzotempoforli.it\/wp-content\/uploads\/2024\/10\/Terzo-Tempo-Ristorazione-Forli-e-Bar17-1157x1536.jpeg 1157w\" sizes=\"(max-width: 1536px) 100vw, 1536px\" \/>\t\t\t\t\t<\/div>\n\t\t\t\t\t<div class=\"cbp-caption-activeWrap\">\n\t\t\t\t\t\t<div class=\"cbp-l-caption-alignCenter\" data-xpro-lightbox data-src=\"https:\/\/www.terzotempoforli.it\/wp-content\/uploads\/2024\/10\/Terzo-Tempo-Ristorazione-Forli-e-Bar17.jpeg\">\n\t\t\t\t\t\t\t<!-- Overlay -->\n\t\t\t\t\t\t\t<div class=\"cbp-l-caption-body\">\n\t\t\t\t\t\t\t\t\n\t\t\t\t\t\t\t\t\t\t\t\t\t\t\t<\/div>\n\t\t\t\t\t\t<\/div>\n\t\t\t\t\t<\/div>\n\t\t\t\t<\/div>\n\t\t\t<\/div>\n\n\t\t\n\t\t\t<!--Item-->\n\t\t\t<div class=\"cbp-item xpro-elementor-gallery-item filter-1\">\n\t\t\t\t<div class=\"cbp-caption\">\n\t\t\t\t\t<div class=\"cbp-caption-defaultWrap\">\n\t\t\t\t\t\t<img loading=\"lazy\" decoding=\"async\" width=\"1536\" height=\"2040\" src=\"https:\/\/www.terzotempoforli.it\/wp-content\/uploads\/2024\/10\/Terzo-Tempo-Ristorazione-Forli-e-Bar18.jpeg\" class=\"attachment-full size-full\" alt=\"pizzeria Terzo Tempo Ristorazione Forli e Bar\" srcset=\"https:\/\/www.terzotempoforli.it\/wp-content\/uploads\/2024\/10\/Terzo-Tempo-Ristorazione-Forli-e-Bar18.jpeg 1536w, https:\/\/www.terzotempoforli.it\/wp-content\/uploads\/2024\/10\/Terzo-Tempo-Ristorazione-Forli-e-Bar18-226x300.jpeg 226w, https:\/\/www.terzotempoforli.it\/wp-content\/uploads\/2024\/10\/Terzo-Tempo-Ristorazione-Forli-e-Bar18-771x1024.jpeg 771w, https:\/\/www.terzotempoforli.it\/wp-content\/uploads\/2024\/10\/Terzo-Tempo-Ristorazione-Forli-e-Bar18-768x1020.jpeg 768w, https:\/\/www.terzotempoforli.it\/wp-content\/uploads\/2024\/10\/Terzo-Tempo-Ristorazione-Forli-e-Bar18-1157x1536.jpeg 1157w\" sizes=\"(max-width: 1536px) 100vw, 1536px\" \/>\t\t\t\t\t<\/div>\n\t\t\t\t\t<div class=\"cbp-caption-activeWrap\">\n\t\t\t\t\t\t<div class=\"cbp-l-caption-alignCenter\" data-xpro-lightbox data-src=\"https:\/\/www.terzotempoforli.it\/wp-content\/uploads\/2024\/10\/Terzo-Tempo-Ristorazione-Forli-e-Bar18.jpeg\">\n\t\t\t\t\t\t\t<!-- Overlay -->\n\t\t\t\t\t\t\t<div class=\"cbp-l-caption-body\">\n\t\t\t\t\t\t\t\t\n\t\t\t\t\t\t\t\t\t\t\t\t\t\t\t<\/div>\n\t\t\t\t\t\t<\/div>\n\t\t\t\t\t<\/div>\n\t\t\t\t<\/div>\n\t\t\t<\/div>\n\n\t\t\n\t\t\t<!--Item-->\n\t\t\t<div class=\"cbp-item xpro-elementor-gallery-item filter-1\">\n\t\t\t\t<div class=\"cbp-caption\">\n\t\t\t\t\t<div class=\"cbp-caption-defaultWrap\">\n\t\t\t\t\t\t<img loading=\"lazy\" decoding=\"async\" width=\"1536\" height=\"2040\" src=\"https:\/\/www.terzotempoforli.it\/wp-content\/uploads\/2024\/10\/Terzo-Tempo-Ristorazione-Forli-e-Bar19.jpeg\" class=\"attachment-full size-full\" alt=\"pizza Terzo Tempo Ristorazione Forli e Bar\" srcset=\"https:\/\/www.terzotempoforli.it\/wp-content\/uploads\/2024\/10\/Terzo-Tempo-Ristorazione-Forli-e-Bar19.jpeg 1536w, https:\/\/www.terzotempoforli.it\/wp-content\/uploads\/2024\/10\/Terzo-Tempo-Ristorazione-Forli-e-Bar19-226x300.jpeg 226w, https:\/\/www.terzotempoforli.it\/wp-content\/uploads\/2024\/10\/Terzo-Tempo-Ristorazione-Forli-e-Bar19-771x1024.jpeg 771w, https:\/\/www.terzotempoforli.it\/wp-content\/uploads\/2024\/10\/Terzo-Tempo-Ristorazione-Forli-e-Bar19-768x1020.jpeg 768w, https:\/\/www.terzotempoforli.it\/wp-content\/uploads\/2024\/10\/Terzo-Tempo-Ristorazione-Forli-e-Bar19-1157x1536.jpeg 1157w\" sizes=\"(max-width: 1536px) 100vw, 1536px\" \/>\t\t\t\t\t<\/div>\n\t\t\t\t\t<div class=\"cbp-caption-activeWrap\">\n\t\t\t\t\t\t<div class=\"cbp-l-caption-alignCenter\" data-xpro-lightbox data-src=\"https:\/\/www.terzotempoforli.it\/wp-content\/uploads\/2024\/10\/Terzo-Tempo-Ristorazione-Forli-e-Bar19.jpeg\">\n\t\t\t\t\t\t\t<!-- Overlay -->\n\t\t\t\t\t\t\t<div class=\"cbp-l-caption-body\">\n\t\t\t\t\t\t\t\t\n\t\t\t\t\t\t\t\t\t\t\t\t\t\t\t<\/div>\n\t\t\t\t\t\t<\/div>\n\t\t\t\t\t<\/div>\n\t\t\t\t<\/div>\n\t\t\t<\/div>\n\n\t\t\n\t\t\t<!--Item-->\n\t\t\t<div class=\"cbp-item xpro-elementor-gallery-item filter-1\">\n\t\t\t\t<div class=\"cbp-caption\">\n\t\t\t\t\t<div class=\"cbp-caption-defaultWrap\">\n\t\t\t\t\t\t<img loading=\"lazy\" decoding=\"async\" width=\"1536\" height=\"2040\" src=\"https:\/\/www.terzotempoforli.it\/wp-content\/uploads\/2024\/10\/Terzo-Tempo-Ristorazione-Forli-e-Bar20.jpeg\" class=\"attachment-full size-full\" alt=\"pizza gourmet Terzo Tempo Ristorazione Forli e Bar\" srcset=\"https:\/\/www.terzotempoforli.it\/wp-content\/uploads\/2024\/10\/Terzo-Tempo-Ristorazione-Forli-e-Bar20.jpeg 1536w, https:\/\/www.terzotempoforli.it\/wp-content\/uploads\/2024\/10\/Terzo-Tempo-Ristorazione-Forli-e-Bar20-226x300.jpeg 226w, https:\/\/www.terzotempoforli.it\/wp-content\/uploads\/2024\/10\/Terzo-Tempo-Ristorazione-Forli-e-Bar20-771x1024.jpeg 771w, https:\/\/www.terzotempoforli.it\/wp-content\/uploads\/2024\/10\/Terzo-Tempo-Ristorazione-Forli-e-Bar20-768x1020.jpeg 768w, https:\/\/www.terzotempoforli.it\/wp-content\/uploads\/2024\/10\/Terzo-Tempo-Ristorazione-Forli-e-Bar20-1157x1536.jpeg 1157w\" sizes=\"(max-width: 1536px) 100vw, 1536px\" \/>\t\t\t\t\t<\/div>\n\t\t\t\t\t<div class=\"cbp-caption-activeWrap\">\n\t\t\t\t\t\t<div class=\"cbp-l-caption-alignCenter\" data-xpro-lightbox data-src=\"https:\/\/www.terzotempoforli.it\/wp-content\/uploads\/2024\/10\/Terzo-Tempo-Ristorazione-Forli-e-Bar20.jpeg\">\n\t\t\t\t\t\t\t<!-- Overlay -->\n\t\t\t\t\t\t\t<div class=\"cbp-l-caption-body\">\n\t\t\t\t\t\t\t\t\n\t\t\t\t\t\t\t\t\t\t\t\t\t\t\t<\/div>\n\t\t\t\t\t\t<\/div>\n\t\t\t\t\t<\/div>\n\t\t\t\t<\/div>\n\t\t\t<\/div>\n\n\t\t\n\t\t\t<!--Item-->\n\t\t\t<div class=\"cbp-item xpro-elementor-gallery-item filter-1\">\n\t\t\t\t<div class=\"cbp-caption\">\n\t\t\t\t\t<div class=\"cbp-caption-defaultWrap\">\n\t\t\t\t\t\t<img loading=\"lazy\" decoding=\"async\" width=\"2040\" height=\"1536\" src=\"https:\/\/www.terzotempoforli.it\/wp-content\/uploads\/2024\/10\/Terzo-Tempo-Ristorazione-Forli-e-Bar21.jpeg\" class=\"attachment-full size-full\" alt=\"ospiti al Terzo Tempo Ristorazione Forli e Bar\" srcset=\"https:\/\/www.terzotempoforli.it\/wp-content\/uploads\/2024\/10\/Terzo-Tempo-Ristorazione-Forli-e-Bar21.jpeg 2040w, https:\/\/www.terzotempoforli.it\/wp-content\/uploads\/2024\/10\/Terzo-Tempo-Ristorazione-Forli-e-Bar21-300x226.jpeg 300w, https:\/\/www.terzotempoforli.it\/wp-content\/uploads\/2024\/10\/Terzo-Tempo-Ristorazione-Forli-e-Bar21-1024x771.jpeg 1024w, https:\/\/www.terzotempoforli.it\/wp-content\/uploads\/2024\/10\/Terzo-Tempo-Ristorazione-Forli-e-Bar21-768x578.jpeg 768w, https:\/\/www.terzotempoforli.it\/wp-content\/uploads\/2024\/10\/Terzo-Tempo-Ristorazione-Forli-e-Bar21-1536x1157.jpeg 1536w\" sizes=\"(max-width: 2040px) 100vw, 2040px\" \/>\t\t\t\t\t<\/div>\n\t\t\t\t\t<div class=\"cbp-caption-activeWrap\">\n\t\t\t\t\t\t<div class=\"cbp-l-caption-alignCenter\" data-xpro-lightbox data-src=\"https:\/\/www.terzotempoforli.it\/wp-content\/uploads\/2024\/10\/Terzo-Tempo-Ristorazione-Forli-e-Bar21.jpeg\">\n\t\t\t\t\t\t\t<!-- Overlay -->\n\t\t\t\t\t\t\t<div class=\"cbp-l-caption-body\">\n\t\t\t\t\t\t\t\t\n\t\t\t\t\t\t\t\t\t\t\t\t\t\t\t<\/div>\n\t\t\t\t\t\t<\/div>\n\t\t\t\t\t<\/div>\n\t\t\t\t<\/div>\n\t\t\t<\/div>\n\n\t\t\n\t\t\t<!--Item-->\n\t\t\t<div class=\"cbp-item xpro-elementor-gallery-item filter-1\">\n\t\t\t\t<div class=\"cbp-caption\">\n\t\t\t\t\t<div class=\"cbp-caption-defaultWrap\">\n\t\t\t\t\t\t<img loading=\"lazy\" decoding=\"async\" width=\"1024\" height=\"768\" src=\"https:\/\/www.terzotempoforli.it\/wp-content\/uploads\/2024\/10\/Terzo-Tempo-Ristorazione-Forli-e-Bar22.jpeg\" class=\"attachment-full size-full\" alt=\"eventi Terzo Tempo Ristorazione Forli e Bar\" srcset=\"https:\/\/www.terzotempoforli.it\/wp-content\/uploads\/2024\/10\/Terzo-Tempo-Ristorazione-Forli-e-Bar22.jpeg 1024w, https:\/\/www.terzotempoforli.it\/wp-content\/uploads\/2024\/10\/Terzo-Tempo-Ristorazione-Forli-e-Bar22-300x225.jpeg 300w, https:\/\/www.terzotempoforli.it\/wp-content\/uploads\/2024\/10\/Terzo-Tempo-Ristorazione-Forli-e-Bar22-768x576.jpeg 768w\" sizes=\"(max-width: 1024px) 100vw, 1024px\" \/>\t\t\t\t\t<\/div>\n\t\t\t\t\t<div class=\"cbp-caption-activeWrap\">\n\t\t\t\t\t\t<div class=\"cbp-l-caption-alignCenter\" data-xpro-lightbox data-src=\"https:\/\/www.terzotempoforli.it\/wp-content\/uploads\/2024\/10\/Terzo-Tempo-Ristorazione-Forli-e-Bar22.jpeg\">\n\t\t\t\t\t\t\t<!-- Overlay -->\n\t\t\t\t\t\t\t<div class=\"cbp-l-caption-body\">\n\t\t\t\t\t\t\t\t\n\t\t\t\t\t\t\t\t\t\t\t\t\t\t\t<\/div>\n\t\t\t\t\t\t<\/div>\n\t\t\t\t\t<\/div>\n\t\t\t\t<\/div>\n\t\t\t<\/div>\n\n\t\t\n\t\t\t<!--Item-->\n\t\t\t<div class=\"cbp-item xpro-elementor-gallery-item filter-1\">\n\t\t\t\t<div class=\"cbp-caption\">\n\t\t\t\t\t<div class=\"cbp-caption-defaultWrap\">\n\t\t\t\t\t\t<img loading=\"lazy\" decoding=\"async\" width=\"1024\" height=\"768\" src=\"https:\/\/www.terzotempoforli.it\/wp-content\/uploads\/2024\/10\/Terzo-Tempo-Ristorazione-Forli-e-Bar23.jpeg\" class=\"attachment-full size-full\" alt=\"esterno di Terzo Tempo Ristorazione Forli e Bar\" srcset=\"https:\/\/www.terzotempoforli.it\/wp-content\/uploads\/2024\/10\/Terzo-Tempo-Ristorazione-Forli-e-Bar23.jpeg 1024w, https:\/\/www.terzotempoforli.it\/wp-content\/uploads\/2024\/10\/Terzo-Tempo-Ristorazione-Forli-e-Bar23-300x225.jpeg 300w, https:\/\/www.terzotempoforli.it\/wp-content\/uploads\/2024\/10\/Terzo-Tempo-Ristorazione-Forli-e-Bar23-768x576.jpeg 768w\" sizes=\"(max-width: 1024px) 100vw, 1024px\" \/>\t\t\t\t\t<\/div>\n\t\t\t\t\t<div class=\"cbp-caption-activeWrap\">\n\t\t\t\t\t\t<div class=\"cbp-l-caption-alignCenter\" data-xpro-lightbox data-src=\"https:\/\/www.terzotempoforli.it\/wp-content\/uploads\/2024\/10\/Terzo-Tempo-Ristorazione-Forli-e-Bar23.jpeg\">\n\t\t\t\t\t\t\t<!-- Overlay -->\n\t\t\t\t\t\t\t<div class=\"cbp-l-caption-body\">\n\t\t\t\t\t\t\t\t\n\t\t\t\t\t\t\t\t\t\t\t\t\t\t\t<\/div>\n\t\t\t\t\t\t<\/div>\n\t\t\t\t\t<\/div>\n\t\t\t\t<\/div>\n\t\t\t<\/div>\n\n\t\t\n\t\t\t<!--Item-->\n\t\t\t<div class=\"cbp-item xpro-elementor-gallery-item filter-1\">\n\t\t\t\t<div class=\"cbp-caption\">\n\t\t\t\t\t<div class=\"cbp-caption-defaultWrap\">\n\t\t\t\t\t\t<img loading=\"lazy\" decoding=\"async\" width=\"1024\" height=\"768\" src=\"https:\/\/www.terzotempoforli.it\/wp-content\/uploads\/2024\/10\/Terzo-Tempo-Ristorazione-Forli-e-Bar24.jpeg\" class=\"attachment-full size-full\" alt=\"tavoli all&#039;aperto Terzo Tempo Ristorazione Forli e Bar\" srcset=\"https:\/\/www.terzotempoforli.it\/wp-content\/uploads\/2024\/10\/Terzo-Tempo-Ristorazione-Forli-e-Bar24.jpeg 1024w, https:\/\/www.terzotempoforli.it\/wp-content\/uploads\/2024\/10\/Terzo-Tempo-Ristorazione-Forli-e-Bar24-300x225.jpeg 300w, https:\/\/www.terzotempoforli.it\/wp-content\/uploads\/2024\/10\/Terzo-Tempo-Ristorazione-Forli-e-Bar24-768x576.jpeg 768w\" sizes=\"(max-width: 1024px) 100vw, 1024px\" \/>\t\t\t\t\t<\/div>\n\t\t\t\t\t<div class=\"cbp-caption-activeWrap\">\n\t\t\t\t\t\t<div class=\"cbp-l-caption-alignCenter\" data-xpro-lightbox data-src=\"https:\/\/www.terzotempoforli.it\/wp-content\/uploads\/2024\/10\/Terzo-Tempo-Ristorazione-Forli-e-Bar24.jpeg\">\n\t\t\t\t\t\t\t<!-- Overlay -->\n\t\t\t\t\t\t\t<div class=\"cbp-l-caption-body\">\n\t\t\t\t\t\t\t\t\n\t\t\t\t\t\t\t\t\t\t\t\t\t\t\t<\/div>\n\t\t\t\t\t\t<\/div>\n\t\t\t\t\t<\/div>\n\t\t\t\t<\/div>\n\t\t\t<\/div>\n\n\t\t\n\t\t\t<!--Item-->\n\t\t\t<div class=\"cbp-item xpro-elementor-gallery-item filter-1\">\n\t\t\t\t<div class=\"cbp-caption\">\n\t\t\t\t\t<div class=\"cbp-caption-defaultWrap\">\n\t\t\t\t\t\t<img loading=\"lazy\" decoding=\"async\" width=\"1959\" height=\"1476\" src=\"https:\/\/www.terzotempoforli.it\/wp-content\/uploads\/2024\/10\/Terzo-Tempo-Ristorazione-Forli-e-Bar25.jpeg\" class=\"attachment-full size-full\" alt=\"pasta fresca Terzo Tempo Ristorazione Forli e Bar\" srcset=\"https:\/\/www.terzotempoforli.it\/wp-content\/uploads\/2024\/10\/Terzo-Tempo-Ristorazione-Forli-e-Bar25.jpeg 1959w, https:\/\/www.terzotempoforli.it\/wp-content\/uploads\/2024\/10\/Terzo-Tempo-Ristorazione-Forli-e-Bar25-300x226.jpeg 300w, https:\/\/www.terzotempoforli.it\/wp-content\/uploads\/2024\/10\/Terzo-Tempo-Ristorazione-Forli-e-Bar25-1024x772.jpeg 1024w, https:\/\/www.terzotempoforli.it\/wp-content\/uploads\/2024\/10\/Terzo-Tempo-Ristorazione-Forli-e-Bar25-768x579.jpeg 768w, https:\/\/www.terzotempoforli.it\/wp-content\/uploads\/2024\/10\/Terzo-Tempo-Ristorazione-Forli-e-Bar25-1536x1157.jpeg 1536w\" sizes=\"(max-width: 1959px) 100vw, 1959px\" \/>\t\t\t\t\t<\/div>\n\t\t\t\t\t<div class=\"cbp-caption-activeWrap\">\n\t\t\t\t\t\t<div class=\"cbp-l-caption-alignCenter\" data-xpro-lightbox data-src=\"https:\/\/www.terzotempoforli.it\/wp-content\/uploads\/2024\/10\/Terzo-Tempo-Ristorazione-Forli-e-Bar25.jpeg\">\n\t\t\t\t\t\t\t<!-- Overlay -->\n\t\t\t\t\t\t\t<div class=\"cbp-l-caption-body\">\n\t\t\t\t\t\t\t\t\n\t\t\t\t\t\t\t\t\t\t\t\t\t\t\t<\/div>\n\t\t\t\t\t\t<\/div>\n\t\t\t\t\t<\/div>\n\t\t\t\t<\/div>\n\t\t\t<\/div>\n\n\t\t\n\t\t\t<!--Item-->\n\t\t\t<div class=\"cbp-item xpro-elementor-gallery-item filter-1\">\n\t\t\t\t<div class=\"cbp-caption\">\n\t\t\t\t\t<div class=\"cbp-caption-defaultWrap\">\n\t\t\t\t\t\t<img loading=\"lazy\" decoding=\"async\" width=\"2040\" height=\"1537\" src=\"https:\/\/www.terzotempoforli.it\/wp-content\/uploads\/2024\/10\/Terzo-Tempo-Ristorazione-Forli-e-Bar26.jpeg\" class=\"attachment-full size-full\" alt=\"primi piatti Terzo Tempo Ristorazione Forli e Bar\" srcset=\"https:\/\/www.terzotempoforli.it\/wp-content\/uploads\/2024\/10\/Terzo-Tempo-Ristorazione-Forli-e-Bar26.jpeg 2040w, https:\/\/www.terzotempoforli.it\/wp-content\/uploads\/2024\/10\/Terzo-Tempo-Ristorazione-Forli-e-Bar26-300x226.jpeg 300w, https:\/\/www.terzotempoforli.it\/wp-content\/uploads\/2024\/10\/Terzo-Tempo-Ristorazione-Forli-e-Bar26-1024x772.jpeg 1024w, https:\/\/www.terzotempoforli.it\/wp-content\/uploads\/2024\/10\/Terzo-Tempo-Ristorazione-Forli-e-Bar26-768x579.jpeg 768w, https:\/\/www.terzotempoforli.it\/wp-content\/uploads\/2024\/10\/Terzo-Tempo-Ristorazione-Forli-e-Bar26-1536x1157.jpeg 1536w\" sizes=\"(max-width: 2040px) 100vw, 2040px\" \/>\t\t\t\t\t<\/div>\n\t\t\t\t\t<div class=\"cbp-caption-activeWrap\">\n\t\t\t\t\t\t<div class=\"cbp-l-caption-alignCenter\" data-xpro-lightbox data-src=\"https:\/\/www.terzotempoforli.it\/wp-content\/uploads\/2024\/10\/Terzo-Tempo-Ristorazione-Forli-e-Bar26.jpeg\">\n\t\t\t\t\t\t\t<!-- Overlay -->\n\t\t\t\t\t\t\t<div class=\"cbp-l-caption-body\">\n\t\t\t\t\t\t\t\t\n\t\t\t\t\t\t\t\t\t\t\t\t\t\t\t<\/div>\n\t\t\t\t\t\t<\/div>\n\t\t\t\t\t<\/div>\n\t\t\t\t<\/div>\n\t\t\t<\/div>\n\n\t\t\n\t\t\t<!--Item-->\n\t\t\t<div class=\"cbp-item xpro-elementor-gallery-item filter-1\">\n\t\t\t\t<div class=\"cbp-caption\">\n\t\t\t\t\t<div class=\"cbp-caption-defaultWrap\">\n\t\t\t\t\t\t<img loading=\"lazy\" decoding=\"async\" width=\"2040\" height=\"1537\" src=\"https:\/\/www.terzotempoforli.it\/wp-content\/uploads\/2024\/10\/Terzo-Tempo-Ristorazione-Forli-e-Bar27.jpeg\" class=\"attachment-full size-full\" alt=\"un posto speciale Terzo Tempo Ristorazione Forli e Bar\" srcset=\"https:\/\/www.terzotempoforli.it\/wp-content\/uploads\/2024\/10\/Terzo-Tempo-Ristorazione-Forli-e-Bar27.jpeg 2040w, https:\/\/www.terzotempoforli.it\/wp-content\/uploads\/2024\/10\/Terzo-Tempo-Ristorazione-Forli-e-Bar27-300x226.jpeg 300w, https:\/\/www.terzotempoforli.it\/wp-content\/uploads\/2024\/10\/Terzo-Tempo-Ristorazione-Forli-e-Bar27-1024x772.jpeg 1024w, https:\/\/www.terzotempoforli.it\/wp-content\/uploads\/2024\/10\/Terzo-Tempo-Ristorazione-Forli-e-Bar27-768x579.jpeg 768w, https:\/\/www.terzotempoforli.it\/wp-content\/uploads\/2024\/10\/Terzo-Tempo-Ristorazione-Forli-e-Bar27-1536x1157.jpeg 1536w\" sizes=\"(max-width: 2040px) 100vw, 2040px\" \/>\t\t\t\t\t<\/div>\n\t\t\t\t\t<div class=\"cbp-caption-activeWrap\">\n\t\t\t\t\t\t<div class=\"cbp-l-caption-alignCenter\" data-xpro-lightbox data-src=\"https:\/\/www.terzotempoforli.it\/wp-content\/uploads\/2024\/10\/Terzo-Tempo-Ristorazione-Forli-e-Bar27.jpeg\">\n\t\t\t\t\t\t\t<!-- Overlay -->\n\t\t\t\t\t\t\t<div class=\"cbp-l-caption-body\">\n\t\t\t\t\t\t\t\t\n\t\t\t\t\t\t\t\t\t\t\t\t\t\t\t<\/div>\n\t\t\t\t\t\t<\/div>\n\t\t\t\t\t<\/div>\n\t\t\t\t<\/div>\n\t\t\t<\/div>\n\n\t\t\n\t\t\t<!--Item-->\n\t\t\t<div class=\"cbp-item xpro-elementor-gallery-item filter-1\">\n\t\t\t\t<div class=\"cbp-caption\">\n\t\t\t\t\t<div class=\"cbp-caption-defaultWrap\">\n\t\t\t\t\t\t<img loading=\"lazy\" decoding=\"async\" width=\"800\" height=\"602\" src=\"https:\/\/www.terzotempoforli.it\/wp-content\/uploads\/2024\/10\/Terzo-Tempo-Ristorazione-Forli-e-Bar28.jpeg\" class=\"attachment-full size-full\" alt=\"noi di Terzo Tempo Ristorazione Forli e Bar\" srcset=\"https:\/\/www.terzotempoforli.it\/wp-content\/uploads\/2024\/10\/Terzo-Tempo-Ristorazione-Forli-e-Bar28.jpeg 800w, https:\/\/www.terzotempoforli.it\/wp-content\/uploads\/2024\/10\/Terzo-Tempo-Ristorazione-Forli-e-Bar28-300x226.jpeg 300w, https:\/\/www.terzotempoforli.it\/wp-content\/uploads\/2024\/10\/Terzo-Tempo-Ristorazione-Forli-e-Bar28-768x578.jpeg 768w\" sizes=\"(max-width: 800px) 100vw, 800px\" \/>\t\t\t\t\t<\/div>\n\t\t\t\t\t<div class=\"cbp-caption-activeWrap\">\n\t\t\t\t\t\t<div class=\"cbp-l-caption-alignCenter\" data-xpro-lightbox data-src=\"https:\/\/www.terzotempoforli.it\/wp-content\/uploads\/2024\/10\/Terzo-Tempo-Ristorazione-Forli-e-Bar28.jpeg\">\n\t\t\t\t\t\t\t<!-- Overlay -->\n\t\t\t\t\t\t\t<div class=\"cbp-l-caption-body\">\n\t\t\t\t\t\t\t\t\n\t\t\t\t\t\t\t\t\t\t\t\t\t\t\t<\/div>\n\t\t\t\t\t\t<\/div>\n\t\t\t\t\t<\/div>\n\t\t\t\t<\/div>\n\t\t\t<\/div>\n\n\t\t\n\t<\/div>\n\n<\/div>\n\t\t\t\t<\/div>\n\t\t\t\t<\/div>\n\t\t\t\t<\/div>\n\t\t<div class=\"elementor-element elementor-element-a0a73f5 e-con-full e-flex e-con e-parent\" data-id=\"a0a73f5\" data-element_type=\"container\" data-settings=\"{&quot;background_background&quot;:&quot;classic&quot;}\">\n\t\t\t\t<div class=\"elementor-element elementor-element-467ef36 elementor-widget elementor-widget-menu-anchor\" data-id=\"467ef36\" data-element_type=\"widget\" data-widget_type=\"menu-anchor.default\">\n\t\t\t\t<div class=\"elementor-widget-container\">\n\t\t\t\t\t\t\t<div class=\"elementor-menu-anchor\" id=\"contatti\"><\/div>\n\t\t\t\t\t\t<\/div>\n\t\t\t\t<\/div>\n\t\t<div class=\"elementor-element elementor-element-ac04efd e-flex e-con-boxed e-con e-child\" data-id=\"ac04efd\" data-element_type=\"container\">\n\t\t\t\t\t<div class=\"e-con-inner\">\n\t\t<div class=\"elementor-element elementor-element-a8ce9f6 e-con-full e-flex e-con e-child\" data-id=\"a8ce9f6\" data-element_type=\"container\">\n\t\t<div class=\"elementor-element elementor-element-97950b2 e-con-full e-flex e-con e-child\" data-id=\"97950b2\" data-element_type=\"container\">\n\t\t\t\t<div class=\"elementor-element elementor-element-fb628ab elementor-widget elementor-widget-heading\" data-id=\"fb628ab\" data-element_type=\"widget\" data-widget_type=\"heading.default\">\n\t\t\t\t<div class=\"elementor-widget-container\">\n\t\t\t\t\t<h2 class=\"elementor-heading-title elementor-size-default\">Contattaci per i tuoi eventi<\/h2>\t\t\t\t<\/div>\n\t\t\t\t<\/div>\n\t\t\t\t<div class=\"elementor-element elementor-element-3c485e9 elementor-widget elementor-widget-text-editor\" data-id=\"3c485e9\" data-element_type=\"widget\" data-widget_type=\"text-editor.default\">\n\t\t\t\t<div class=\"elementor-widget-container\">\n\t\t\t\t\t\t\t\t\t<p>Ci occupiamo dei tuoi momenti speciali, delle tue feste, dei compleanni! Men\u00f9 gustosi e personalizzati in una location accogliente e sicura.<\/p>\t\t\t\t\t\t\t\t<\/div>\n\t\t\t\t<\/div>\n\t\t\t\t<\/div>\n\t\t<div class=\"elementor-element elementor-element-5de6366 e-con-full e-flex e-con e-child\" data-id=\"5de6366\" data-element_type=\"container\">\n\t\t\t\t<div class=\"elementor-element elementor-element-58f69ae elementor-widget elementor-widget-text-editor\" data-id=\"58f69ae\" data-element_type=\"widget\" data-widget_type=\"text-editor.default\">\n\t\t\t\t<div class=\"elementor-widget-container\">\n\t\t\t\t\t\t\t\t\t<h2><strong>Polisportivo Treossi Vecchiazzano<\/strong><\/h2>\t\t\t\t\t\t\t\t<\/div>\n\t\t\t\t<\/div>\n\t\t\t\t<div class=\"elementor-element elementor-element-a38878e elementor-icon-list--layout-traditional elementor-list-item-link-full_width elementor-widget elementor-widget-icon-list\" data-id=\"a38878e\" data-element_type=\"widget\" data-widget_type=\"icon-list.default\">\n\t\t\t\t<div class=\"elementor-widget-container\">\n\t\t\t\t\t\t\t<ul class=\"elementor-icon-list-items\">\n\t\t\t\t\t\t\t<li class=\"elementor-icon-list-item\">\n\t\t\t\t\t\t\t\t\t\t\t<span class=\"elementor-icon-list-icon\">\n\t\t\t\t\t\t\t<svg aria-hidden=\"true\" class=\"e-font-icon-svg e-fas-map-marker-alt\" viewBox=\"0 0 384 512\" xmlns=\"http:\/\/www.w3.org\/2000\/svg\"><path d=\"M172.268 501.67C26.97 291.031 0 269.413 0 192 0 85.961 85.961 0 192 0s192 85.961 192 192c0 77.413-26.97 99.031-172.268 309.67-9.535 13.774-29.93 13.773-39.464 0zM192 272c44.183 0 80-35.817 80-80s-35.817-80-80-80-80 35.817-80 80 35.817 80 80 80z\"><\/path><\/svg>\t\t\t\t\t\t<\/span>\n\t\t\t\t\t\t\t\t\t\t<span class=\"elementor-icon-list-text\">Via Pigafetta, 19 - 47121 Forl\u00ec<\/span>\n\t\t\t\t\t\t\t\t\t<\/li>\n\t\t\t\t\t\t\t\t<li class=\"elementor-icon-list-item\">\n\t\t\t\t\t\t\t\t\t\t\t<span class=\"elementor-icon-list-icon\">\n\t\t\t\t\t\t\t<svg aria-hidden=\"true\" class=\"e-font-icon-svg e-fas-phone-alt\" viewBox=\"0 0 512 512\" xmlns=\"http:\/\/www.w3.org\/2000\/svg\"><path d=\"M497.39 361.8l-112-48a24 24 0 0 0-28 6.9l-49.6 60.6A370.66 370.66 0 0 1 130.6 204.11l60.6-49.6a23.94 23.94 0 0 0 6.9-28l-48-112A24.16 24.16 0 0 0 122.6.61l-104 24A24 24 0 0 0 0 48c0 256.5 207.9 464 464 464a24 24 0 0 0 23.4-18.6l24-104a24.29 24.29 0 0 0-14.01-27.6z\"><\/path><\/svg>\t\t\t\t\t\t<\/span>\n\t\t\t\t\t\t\t\t\t\t<span class=\"elementor-icon-list-text\">Tel 0543 480080 - cell 334 1687427<\/span>\n\t\t\t\t\t\t\t\t\t<\/li>\n\t\t\t\t\t\t\t\t<li class=\"elementor-icon-list-item\">\n\t\t\t\t\t\t\t\t\t\t\t<a href=\"mailto:terzotempo@laccoglienza.it\">\n\n\t\t\t\t\t\t\t\t\t\t\t\t<span class=\"elementor-icon-list-icon\">\n\t\t\t\t\t\t\t<svg aria-hidden=\"true\" class=\"e-font-icon-svg e-fas-envelope\" viewBox=\"0 0 512 512\" xmlns=\"http:\/\/www.w3.org\/2000\/svg\"><path d=\"M502.3 190.8c3.9-3.1 9.7-.2 9.7 4.7V400c0 26.5-21.5 48-48 48H48c-26.5 0-48-21.5-48-48V195.6c0-5 5.7-7.8 9.7-4.7 22.4 17.4 52.1 39.5 154.1 113.6 21.1 15.4 56.7 47.8 92.2 47.6 35.7.3 72-32.8 92.3-47.6 102-74.1 131.6-96.3 154-113.7zM256 320c23.2.4 56.6-29.2 73.4-41.4 132.7-96.3 142.8-104.7 173.4-128.7 5.8-4.5 9.2-11.5 9.2-18.9v-19c0-26.5-21.5-48-48-48H48C21.5 64 0 85.5 0 112v19c0 7.4 3.4 14.3 9.2 18.9 30.6 23.9 40.7 32.4 173.4 128.7 16.8 12.2 50.2 41.8 73.4 41.4z\"><\/path><\/svg>\t\t\t\t\t\t<\/span>\n\t\t\t\t\t\t\t\t\t\t<span class=\"elementor-icon-list-text\">terzotempo@laccoglienza.it<\/span>\n\t\t\t\t\t\t\t\t\t\t\t<\/a>\n\t\t\t\t\t\t\t\t\t<\/li>\n\t\t\t\t\t\t<\/ul>\n\t\t\t\t\t\t<\/div>\n\t\t\t\t<\/div>\n\t\t\t\t<div class=\"elementor-element elementor-element-7a70c7c elementor-widget elementor-widget-elementskit-business-hours\" data-id=\"7a70c7c\" data-element_type=\"widget\" data-widget_type=\"elementskit-business-hours.default\">\n\t\t\t\t<div class=\"elementor-widget-container\">\n\t\t\t\t\t<div class=\"ekit-wid-con\" >\t\t<div class=\"ekit-business-hours-inner\">\n\t\t\t\t\t\t<div class=\"ekit-single-day elementor-repeater-item-6b9ff91 \">\n\t\t\t\t\t\t\t\t<span class=\"ekit-business-day\">Luned\u00ec<\/span>\n\t\t\t\t\t\t\t\t<span class=\"ekit-business-time\">16.00 - 23.00<\/span>\n\t\t\t\t\t\t\t<\/div>\n\t\t\t\t\t\t<div class=\"ekit-single-day elementor-repeater-item-464304f \">\n\t\t\t\t\t\t\t\t<span class=\"ekit-business-day\">Marted\u00ec<\/span>\n\t\t\t\t\t\t\t\t<span class=\"ekit-business-time\">16.00 - 23.00<\/span>\n\t\t\t\t\t\t\t<\/div>\n\t\t\t\t\t\t<div class=\"ekit-single-day elementor-repeater-item-d0a2edc \">\n\t\t\t\t\t\t\t\t<span class=\"ekit-business-day\">Mercoled\u00ec<\/span>\n\t\t\t\t\t\t\t\t<span class=\"ekit-business-time\">16.00 - 23.00<\/span>\n\t\t\t\t\t\t\t<\/div>\n\t\t\t\t\t\t<div class=\"ekit-single-day elementor-repeater-item-af0778f \">\n\t\t\t\t\t\t\t\t<span class=\"ekit-business-day\">Gioved\u00ec<\/span>\n\t\t\t\t\t\t\t\t<span class=\"ekit-business-time\">16.00 - 23.00<\/span>\n\t\t\t\t\t\t\t<\/div>\n\t\t\t\t\t\t<div class=\"ekit-single-day elementor-repeater-item-06319b8 \">\n\t\t\t\t\t\t\t\t<span class=\"ekit-business-day\">Venerd\u00ec<\/span>\n\t\t\t\t\t\t\t\t<span class=\"ekit-business-time\">16.00 - 23.00<\/span>\n\t\t\t\t\t\t\t<\/div>\n\t\t\t\t\t\t<div class=\"ekit-single-day elementor-repeater-item-b69c683 \">\n\t\t\t\t\t\t\t\t<span class=\"ekit-business-day\">Sabato<\/span>\n\t\t\t\t\t\t\t\t<span class=\"ekit-business-time\">15.00 - 23.00<\/span>\n\t\t\t\t\t\t\t<\/div>\n\t\t\t\t\t\t<div class=\"ekit-single-day elementor-repeater-item-13f5f14 \">\n\t\t\t\t\t\t\t\t<span class=\"ekit-business-day\">Domenica<\/span>\n\t\t\t\t\t\t\t\t<span class=\"ekit-business-time\">15.00 - 23.00\n<\/span>\n\t\t\t\t\t\t\t<\/div>\n\t\t\t\t\t\t<div class=\"ekit-single-day elementor-repeater-item-5a8491c ekit-closed-day\">\n\t\t\t\t\t\t\t\t<span class=\"ekit-business-day\">* e solo durante le attivit\u00e0 sportive <\/span>\n\t\t\t\t\t\t\t\t<span class=\"ekit-business-time\">9.00 - 13.00\n<\/span>\n\t\t\t\t\t\t\t<\/div>\n\t\t\t\t\t<\/div>\n        <\/div>\t\t\t\t<\/div>\n\t\t\t\t<\/div>\n\t\t\t\t<\/div>\n\t\t\t\t<\/div>\n\t\t\t\t\t<\/div>\n\t\t\t\t<\/div>\n\t\t\t\t<\/div>\n\t\t<div class=\"elementor-element elementor-element-d89dffb e-flex e-con-boxed e-con e-parent\" data-id=\"d89dffb\" data-element_type=\"container\">\n\t\t\t\t\t<div class=\"e-con-inner\">\n\t\t<div class=\"elementor-element elementor-element-91d4201 e-con-full e-flex e-con e-child\" data-id=\"91d4201\" data-element_type=\"container\">\n\t\t\t\t<div class=\"elementor-element elementor-element-05a9924 elementor-widget elementor-widget-image\" data-id=\"05a9924\" data-element_type=\"widget\" data-widget_type=\"image.default\">\n\t\t\t\t<div class=\"elementor-widget-container\">\n\t\t\t\t\t\t\t\t\t\t\t\t\t\t\t<img loading=\"lazy\" decoding=\"async\" width=\"724\" height=\"1024\" src=\"https:\/\/www.terzotempoforli.it\/wp-content\/uploads\/2025\/09\/c6841392-7de2-4a82-8861-df878857dfc1_page-0001-724x1024.jpg\" class=\"attachment-large size-large wp-image-813\" alt=\"Terzo Tempo Ristorante a Forl\u00ec|Terzo Tempo Bistrot\" srcset=\"https:\/\/www.terzotempoforli.it\/wp-content\/uploads\/2025\/09\/c6841392-7de2-4a82-8861-df878857dfc1_page-0001-724x1024.jpg 724w, https:\/\/www.terzotempoforli.it\/wp-content\/uploads\/2025\/09\/c6841392-7de2-4a82-8861-df878857dfc1_page-0001-212x300.jpg 212w, https:\/\/www.terzotempoforli.it\/wp-content\/uploads\/2025\/09\/c6841392-7de2-4a82-8861-df878857dfc1_page-0001-768x1086.jpg 768w, https:\/\/www.terzotempoforli.it\/wp-content\/uploads\/2025\/09\/c6841392-7de2-4a82-8861-df878857dfc1_page-0001-1086x1536.jpg 1086w, https:\/\/www.terzotempoforli.it\/wp-content\/uploads\/2025\/09\/c6841392-7de2-4a82-8861-df878857dfc1_page-0001-1448x2048.jpg 1448w, https:\/\/www.terzotempoforli.it\/wp-content\/uploads\/2025\/09\/c6841392-7de2-4a82-8861-df878857dfc1_page-0001.jpg 1754w\" sizes=\"(max-width: 724px) 100vw, 724px\" title=\"c6841392-7de2-4a82-8861-df878857dfc1_page-0001\" \/>\t\t\t\t\t\t\t\t\t\t\t\t\t\t\t<\/div>\n\t\t\t\t<\/div>\n\t\t\t\t<\/div>\n\t\t<div class=\"elementor-element elementor-element-a12635f e-con-full e-flex e-con e-child\" data-id=\"a12635f\" data-element_type=\"container\">\n\t\t\t\t<\/div>\n\t\t\t\t\t<\/div>\n\t\t\t\t<\/div>\n\t\t\t\t<\/div>\n\t\t","protected":false},"excerpt":{"rendered":"<p>IL PROGETTO Goditi l\u2019atmosfera di un mondo saporito e vitale dove, tra un piatto e l\u2019altro, ogni giorno, si incrociano storie, sapori ed esperienze. Il Terzo Tempo \u00e8 un terzo luogo. Un posto pubblico e sociale dove passi il tempo come pi\u00f9 ti piace gustando qualcosa di buono. \u00c8 un sito di costruzione della comunit\u00e0 [&hellip;]<\/p>\n","protected":false},"author":1,"featured_media":0,"parent":0,"menu_order":0,"comment_status":"closed","ping_status":"closed","template":"","meta":{"footnotes":""},"class_list":["post-11","page","type-page","status-publish","hentry"],"yoast_head":"<!-- This site is optimized with the Yoast SEO plugin v25.6 - https:\/\/yoast.com\/wordpress\/plugins\/seo\/ -->\n<title>Terzo Tempo Bistrot - Terzo Tempo Ristorante a Forl\u00ec<\/title>\n<meta name=\"description\" content=\"Tel.: 0543480080 - Terzo Tempo Ristorante a Forl\u00ec - Caff\u00e8 e Cucina - Men\u00f9 gustosi e personalizzati in una location accogliente e sicura.\" \/>\n<meta name=\"robots\" content=\"index, follow, max-snippet:-1, max-image-preview:large, max-video-preview:-1\" \/>\n<link rel=\"canonical\" href=\"https:\/\/www.terzotempoforli.it\/\" \/>\n<meta property=\"og:locale\" content=\"it_IT\" \/>\n<meta property=\"og:type\" content=\"article\" \/>\n<meta property=\"og:title\" content=\"Terzo Tempo Bistrot - Terzo Tempo Ristorante a Forl\u00ec\" \/>\n<meta property=\"og:description\" content=\"Tel.: 0543480080 - Terzo Tempo Ristorante a Forl\u00ec - Caff\u00e8 e Cucina - Men\u00f9 gustosi e personalizzati in una location accogliente e sicura.\" \/>\n<meta property=\"og:url\" content=\"https:\/\/www.terzotempoforli.it\/\" \/>\n<meta property=\"og:site_name\" content=\"Terzo Tempo Ristorante a Forl\u00ec\" \/>\n<meta property=\"article:publisher\" content=\"https:\/\/www.facebook.com\/p\/Terzo-Tempo-Caff-100063683737663\/?locale=it_IT\" \/>\n<meta property=\"article:modified_time\" content=\"2025-09-26T07:51:33+00:00\" \/>\n<meta property=\"og:image\" content=\"https:\/\/www.terzotempoforli.it\/wp-content\/uploads\/2024\/08\/Terzo-tempo-il-progetto.png\" \/>\n\t<meta property=\"og:image:width\" content=\"2656\" \/>\n\t<meta property=\"og:image:height\" content=\"2854\" \/>\n\t<meta property=\"og:image:type\" content=\"image\/png\" \/>\n<meta name=\"twitter:card\" content=\"summary_large_image\" \/>\n<meta name=\"twitter:label1\" content=\"Tempo di lettura stimato\" \/>\n\t<meta name=\"twitter:data1\" content=\"10 minuti\" \/>\n<script type=\"application\/ld+json\" class=\"yoast-schema-graph\">{\"@context\":\"https:\/\/schema.org\",\"@graph\":[{\"@type\":\"WebPage\",\"@id\":\"https:\/\/www.terzotempoforli.it\/\",\"url\":\"https:\/\/www.terzotempoforli.it\/\",\"name\":\"Terzo Tempo Bistrot - Terzo Tempo Ristorante a Forl\u00ec\",\"isPartOf\":{\"@id\":\"https:\/\/www.terzotempoforli.it\/#website\"},\"primaryImageOfPage\":{\"@id\":\"https:\/\/www.terzotempoforli.it\/#primaryimage\"},\"image\":{\"@id\":\"https:\/\/www.terzotempoforli.it\/#primaryimage\"},\"thumbnailUrl\":\"https:\/\/www.terzotempoforli.it\/wp-content\/uploads\/2024\/08\/Terzo-tempo-il-progetto.png\",\"datePublished\":\"2024-08-05T17:38:53+00:00\",\"dateModified\":\"2025-09-26T07:51:33+00:00\",\"description\":\"Tel.: 0543480080 - Terzo Tempo Ristorante a Forl\u00ec - Caff\u00e8 e Cucina - Men\u00f9 gustosi e personalizzati in una location accogliente e sicura.\",\"breadcrumb\":{\"@id\":\"https:\/\/www.terzotempoforli.it\/#breadcrumb\"},\"inLanguage\":\"it-IT\",\"potentialAction\":[{\"@type\":\"ReadAction\",\"target\":[\"https:\/\/www.terzotempoforli.it\/\"]}]},{\"@type\":\"ImageObject\",\"inLanguage\":\"it-IT\",\"@id\":\"https:\/\/www.terzotempoforli.it\/#primaryimage\",\"url\":\"https:\/\/www.terzotempoforli.it\/wp-content\/uploads\/2024\/08\/Terzo-tempo-il-progetto.png\",\"contentUrl\":\"https:\/\/www.terzotempoforli.it\/wp-content\/uploads\/2024\/08\/Terzo-tempo-il-progetto.png\",\"width\":2656,\"height\":2854,\"caption\":\"Terzo tempo il progetto\"},{\"@type\":\"BreadcrumbList\",\"@id\":\"https:\/\/www.terzotempoforli.it\/#breadcrumb\",\"itemListElement\":[{\"@type\":\"ListItem\",\"position\":1,\"name\":\"Home\",\"item\":\"https:\/\/www.terzotempoforli.it\/\"},{\"@type\":\"ListItem\",\"position\":2,\"name\":\"Terzo Tempo Bistrot\"}]},{\"@type\":\"WebSite\",\"@id\":\"https:\/\/www.terzotempoforli.it\/#website\",\"url\":\"https:\/\/www.terzotempoforli.it\/\",\"name\":\"Terzo Tempo Ristorante a Forl\u00ec\",\"description\":\"\",\"publisher\":{\"@id\":\"https:\/\/www.terzotempoforli.it\/#organization\"},\"alternateName\":\"Caff\u00e8 e Cucina a Forl\u00ec\",\"potentialAction\":[{\"@type\":\"SearchAction\",\"target\":{\"@type\":\"EntryPoint\",\"urlTemplate\":\"https:\/\/www.terzotempoforli.it\/?s={search_term_string}\"},\"query-input\":{\"@type\":\"PropertyValueSpecification\",\"valueRequired\":true,\"valueName\":\"search_term_string\"}}],\"inLanguage\":\"it-IT\"},{\"@type\":\"Organization\",\"@id\":\"https:\/\/www.terzotempoforli.it\/#organization\",\"name\":\"Terzo Tempo Ristorante a Forl\u00ec\",\"url\":\"https:\/\/www.terzotempoforli.it\/\",\"logo\":{\"@type\":\"ImageObject\",\"inLanguage\":\"it-IT\",\"@id\":\"https:\/\/www.terzotempoforli.it\/#\/schema\/logo\/image\/\",\"url\":\"https:\/\/www.terzotempoforli.it\/wp-content\/uploads\/2024\/08\/Logo-terzo-Tempo_nero.png\",\"contentUrl\":\"https:\/\/www.terzotempoforli.it\/wp-content\/uploads\/2024\/08\/Logo-terzo-Tempo_nero.png\",\"width\":1426,\"height\":809,\"caption\":\"Terzo Tempo Ristorante a Forl\u00ec\"},\"image\":{\"@id\":\"https:\/\/www.terzotempoforli.it\/#\/schema\/logo\/image\/\"},\"sameAs\":[\"https:\/\/www.facebook.com\/p\/Terzo-Tempo-Caff-100063683737663\/?locale=it_IT\"]}]}<\/script>\n<!-- \/ Yoast SEO plugin. -->","yoast_head_json":{"title":"Terzo Tempo Bistrot - Terzo Tempo Ristorante a Forl\u00ec","description":"Tel.: 0543480080 - Terzo Tempo Ristorante a Forl\u00ec - Caff\u00e8 e Cucina - Men\u00f9 gustosi e personalizzati in una location accogliente e sicura.","robots":{"index":"index","follow":"follow","max-snippet":"max-snippet:-1","max-image-preview":"max-image-preview:large","max-video-preview":"max-video-preview:-1"},"canonical":"https:\/\/www.terzotempoforli.it\/","og_locale":"it_IT","og_type":"article","og_title":"Terzo Tempo Bistrot - Terzo Tempo Ristorante a Forl\u00ec","og_description":"Tel.: 0543480080 - Terzo Tempo Ristorante a Forl\u00ec - Caff\u00e8 e Cucina - Men\u00f9 gustosi e personalizzati in una location accogliente e sicura.","og_url":"https:\/\/www.terzotempoforli.it\/","og_site_name":"Terzo Tempo Ristorante a Forl\u00ec","article_publisher":"https:\/\/www.facebook.com\/p\/Terzo-Tempo-Caff-100063683737663\/?locale=it_IT","article_modified_time":"2025-09-26T07:51:33+00:00","og_image":[{"width":2656,"height":2854,"url":"https:\/\/www.terzotempoforli.it\/wp-content\/uploads\/2024\/08\/Terzo-tempo-il-progetto.png","type":"image\/png"}],"twitter_card":"summary_large_image","twitter_misc":{"Tempo di lettura stimato":"10 minuti"},"schema":{"@context":"https:\/\/schema.org","@graph":[{"@type":"WebPage","@id":"https:\/\/www.terzotempoforli.it\/","url":"https:\/\/www.terzotempoforli.it\/","name":"Terzo Tempo Bistrot - Terzo Tempo Ristorante a Forl\u00ec","isPartOf":{"@id":"https:\/\/www.terzotempoforli.it\/#website"},"primaryImageOfPage":{"@id":"https:\/\/www.terzotempoforli.it\/#primaryimage"},"image":{"@id":"https:\/\/www.terzotempoforli.it\/#primaryimage"},"thumbnailUrl":"https:\/\/www.terzotempoforli.it\/wp-content\/uploads\/2024\/08\/Terzo-tempo-il-progetto.png","datePublished":"2024-08-05T17:38:53+00:00","dateModified":"2025-09-26T07:51:33+00:00","description":"Tel.: 0543480080 - Terzo Tempo Ristorante a Forl\u00ec - Caff\u00e8 e Cucina - Men\u00f9 gustosi e personalizzati in una location accogliente e sicura.","breadcrumb":{"@id":"https:\/\/www.terzotempoforli.it\/#breadcrumb"},"inLanguage":"it-IT","potentialAction":[{"@type":"ReadAction","target":["https:\/\/www.terzotempoforli.it\/"]}]},{"@type":"ImageObject","inLanguage":"it-IT","@id":"https:\/\/www.terzotempoforli.it\/#primaryimage","url":"https:\/\/www.terzotempoforli.it\/wp-content\/uploads\/2024\/08\/Terzo-tempo-il-progetto.png","contentUrl":"https:\/\/www.terzotempoforli.it\/wp-content\/uploads\/2024\/08\/Terzo-tempo-il-progetto.png","width":2656,"height":2854,"caption":"Terzo tempo il progetto"},{"@type":"BreadcrumbList","@id":"https:\/\/www.terzotempoforli.it\/#breadcrumb","itemListElement":[{"@type":"ListItem","position":1,"name":"Home","item":"https:\/\/www.terzotempoforli.it\/"},{"@type":"ListItem","position":2,"name":"Terzo Tempo Bistrot"}]},{"@type":"WebSite","@id":"https:\/\/www.terzotempoforli.it\/#website","url":"https:\/\/www.terzotempoforli.it\/","name":"Terzo Tempo Ristorante a Forl\u00ec","description":"","publisher":{"@id":"https:\/\/www.terzotempoforli.it\/#organization"},"alternateName":"Caff\u00e8 e Cucina a Forl\u00ec","potentialAction":[{"@type":"SearchAction","target":{"@type":"EntryPoint","urlTemplate":"https:\/\/www.terzotempoforli.it\/?s={search_term_string}"},"query-input":{"@type":"PropertyValueSpecification","valueRequired":true,"valueName":"search_term_string"}}],"inLanguage":"it-IT"},{"@type":"Organization","@id":"https:\/\/www.terzotempoforli.it\/#organization","name":"Terzo Tempo Ristorante a Forl\u00ec","url":"https:\/\/www.terzotempoforli.it\/","logo":{"@type":"ImageObject","inLanguage":"it-IT","@id":"https:\/\/www.terzotempoforli.it\/#\/schema\/logo\/image\/","url":"https:\/\/www.terzotempoforli.it\/wp-content\/uploads\/2024\/08\/Logo-terzo-Tempo_nero.png","contentUrl":"https:\/\/www.terzotempoforli.it\/wp-content\/uploads\/2024\/08\/Logo-terzo-Tempo_nero.png","width":1426,"height":809,"caption":"Terzo Tempo Ristorante a Forl\u00ec"},"image":{"@id":"https:\/\/www.terzotempoforli.it\/#\/schema\/logo\/image\/"},"sameAs":["https:\/\/www.facebook.com\/p\/Terzo-Tempo-Caff-100063683737663\/?locale=it_IT"]}]}},"_links":{"self":[{"href":"https:\/\/www.terzotempoforli.it\/index.php\/wp-json\/wp\/v2\/pages\/11","targetHints":{"allow":["GET"]}}],"collection":[{"href":"https:\/\/www.terzotempoforli.it\/index.php\/wp-json\/wp\/v2\/pages"}],"about":[{"href":"https:\/\/www.terzotempoforli.it\/index.php\/wp-json\/wp\/v2\/types\/page"}],"author":[{"embeddable":true,"href":"https:\/\/www.terzotempoforli.it\/index.php\/wp-json\/wp\/v2\/users\/1"}],"replies":[{"embeddable":true,"href":"https:\/\/www.terzotempoforli.it\/index.php\/wp-json\/wp\/v2\/comments?post=11"}],"version-history":[{"count":569,"href":"https:\/\/www.terzotempoforli.it\/index.php\/wp-json\/wp\/v2\/pages\/11\/revisions"}],"predecessor-version":[{"id":816,"href":"https:\/\/www.terzotempoforli.it\/index.php\/wp-json\/wp\/v2\/pages\/11\/revisions\/816"}],"wp:attachment":[{"href":"https:\/\/www.terzotempoforli.it\/index.php\/wp-json\/wp\/v2\/media?parent=11"}],"curies":[{"name":"wp","href":"https:\/\/api.w.org\/{rel}","templated":true}]}}